{"id":5811,"date":"2022-01-13T12:39:49","date_gmt":"2022-01-13T11:39:49","guid":{"rendered":"https:\/\/www.sprachschule-accent.de\/?page_id=5811"},"modified":"2026-08-17T22:13:28","modified_gmt":"2026-08-17T20:13:28","slug":"about-us","status":"publish","type":"page","link":"https:\/\/www.sprachschule-accent.de\/en\/about-us\/","title":{"rendered":"about us"},"content":{"rendered":"\t\t<div data-elementor-type=\"wp-page\" data-elementor-id=\"5811\" class=\"elementor elementor-5811\" data-elementor-post-type=\"page\">\n\t\t\t\t<div class=\"has_eae_slider elementor-element elementor-element-254de8b e-flex e-con-boxed e-con e-parent\" data-eae-slider=\"60039\" data-id=\"254de8b\" data-element_type=\"container\" data-e-type=\"container\" data-settings=\"{&quot;background_background&quot;:&quot;classic&quot;}\">\n\t\t\t\t\t<div class=\"e-con-inner\">\n\t\t<div class=\"has_eae_slider elementor-element elementor-element-454dbd3 e-con-full e-flex e-con e-child\" data-eae-slider=\"94634\" data-id=\"454dbd3\" data-element_type=\"container\" data-e-type=\"container\" data-settings=\"{&quot;background_background&quot;:&quot;classic&quot;}\">\n\t\t<div class=\"has_eae_slider elementor-element elementor-element-3e0d178 e-con-full e-flex e-con e-child\" data-eae-slider=\"36006\" data-id=\"3e0d178\" data-element_type=\"container\" data-e-type=\"container\" data-settings=\"{&quot;background_background&quot;:&quot;classic&quot;}\">\n\t\t\t\t<div class=\"elementor-element elementor-element-5d24b19 elementor-widget__width-initial elementor-widget-mobile__width-inherit elementor-widget-tablet__width-initial elementor-widget elementor-widget-heading\" data-id=\"5d24b19\" data-element_type=\"widget\" data-e-type=\"widget\" data-widget_type=\"heading.default\">\n\t\t\t\t<div class=\"elementor-widget-container\">\n\t\t\t\t\t<h1 class=\"elementor-heading-title elementor-size-default\">Wir bringen<br> Menschen<\/h1>\t\t\t\t<\/div>\n\t\t\t\t<\/div>\n\t\t\t\t<div class=\"elementor-element elementor-element-ec17bf2 elementor-widget__width-initial elementor-widget-mobile__width-inherit elementor-widget elementor-widget-heading\" data-id=\"ec17bf2\" data-element_type=\"widget\" data-e-type=\"widget\" data-widget_type=\"heading.default\">\n\t\t\t\t<div class=\"elementor-widget-container\">\n\t\t\t\t\t<h1 class=\"elementor-heading-title elementor-size-default\">zusammen<\/h1>\t\t\t\t<\/div>\n\t\t\t\t<\/div>\n\t\t\t\t<div class=\"elementor-element elementor-element-815a418 elementor-widget-divider--view-line elementor-widget elementor-widget-divider\" data-id=\"815a418\" data-element_type=\"widget\" data-e-type=\"widget\" data-widget_type=\"divider.default\">\n\t\t\t\t<div class=\"elementor-widget-container\">\n\t\t\t\t\t\t\t<div class=\"elementor-divider\">\n\t\t\t<span class=\"elementor-divider-separator\">\n\t\t\t\t\t\t<\/span>\n\t\t<\/div>\n\t\t\t\t\t\t<\/div>\n\t\t\t\t<\/div>\n\t\t\t\t<div class=\"elementor-element elementor-element-30322cb elementor-widget__width-initial elementor-widget-mobile__width-inherit elementor-widget elementor-widget-text-editor\" data-id=\"30322cb\" data-element_type=\"widget\" data-e-type=\"widget\" data-widget_type=\"text-editor.default\">\n\t\t\t\t<div class=\"elementor-widget-container\">\n\t\t\t\t\t\t\t\t\t<p>Sprachschule acc\u00e9nt steht f\u00fcr qualitativ hochwertigen Sprachunterricht, pers\u00f6nliche Betreuung und eine internationale Gemeinschaft. Seit 2021 sind wir in Leipzig zu Hause.<\/p>\t\t\t\t\t\t\t\t<\/div>\n\t\t\t\t<\/div>\n\t\t<div class=\"has_eae_slider elementor-element elementor-element-708c77c e-con-full e-flex e-con e-child\" data-eae-slider=\"87664\" data-id=\"708c77c\" data-element_type=\"container\" data-e-type=\"container\">\n\t\t\t\t<div class=\"elementor-element elementor-element-993e570 elementor-widget-mobile__width-inherit elementor-align-center elementor-mobile-align-left elementor-widget elementor-widget-button\" data-id=\"993e570\" data-element_type=\"widget\" data-e-type=\"widget\" data-widget_type=\"button.default\">\n\t\t\t\t<div class=\"elementor-widget-container\">\n\t\t\t\t\t\t\t\t\t<div class=\"elementor-button-wrapper\">\n\t\t\t\t\t<a class=\"elementor-button elementor-button-link elementor-size-sm\" href=\"https:\/\/www.sprachschule-accent.de\/jobs\/\">\n\t\t\t\t\t\t<span class=\"elementor-button-content-wrapper\">\n\t\t\t\t\t\t\t\t\t<span class=\"elementor-button-text\">Offene Stellen \u2192<\/span>\n\t\t\t\t\t<\/span>\n\t\t\t\t\t<\/a>\n\t\t\t\t<\/div>\n\t\t\t\t\t\t\t\t<\/div>\n\t\t\t\t<\/div>\n\t\t\t\t<div class=\"elementor-element elementor-element-517a146 elementor-widget-mobile__width-inherit elementor-widget elementor-widget-button\" data-id=\"517a146\" data-element_type=\"widget\" data-e-type=\"widget\" data-widget_type=\"button.default\">\n\t\t\t\t<div class=\"elementor-widget-container\">\n\t\t\t\t\t\t\t\t\t<div class=\"elementor-button-wrapper\">\n\t\t\t\t\t<a class=\"elementor-button elementor-button-link elementor-size-sm\" href=\"#team\">\n\t\t\t\t\t\t<span class=\"elementor-button-content-wrapper\">\n\t\t\t\t\t\t\t\t\t<span class=\"elementor-button-text\">Unser Team  \u2192<\/span>\n\t\t\t\t\t<\/span>\n\t\t\t\t\t<\/a>\n\t\t\t\t<\/div>\n\t\t\t\t\t\t\t\t<\/div>\n\t\t\t\t<\/div>\n\t\t\t\t<\/div>\n\t\t\t\t<\/div>\n\t\t<div class=\"has_eae_slider elementor-element elementor-element-9b3ddb3 e-con-full e-flex e-con e-child\" data-eae-slider=\"19279\" data-id=\"9b3ddb3\" data-element_type=\"container\" data-e-type=\"container\" data-settings=\"{&quot;background_background&quot;:&quot;classic&quot;}\">\n\t\t\t\t<div class=\"elementor-element elementor-element-be063f2 elementor-widget elementor-widget-image\" data-id=\"be063f2\" data-element_type=\"widget\" data-e-type=\"widget\" data-widget_type=\"image.default\">\n\t\t\t\t<div class=\"elementor-widget-container\">\n\t\t\t\t\t\t\t\t\t\t\t\t\t\t\t<img fetchpriority=\"high\" decoding=\"async\" width=\"768\" height=\"768\" src=\"https:\/\/www.sprachschule-accent.de\/wp-content\/uploads\/2022\/01\/B51A8476-2-768x768.jpg\" class=\"attachment-medium_large size-medium_large wp-image-5858\" alt=\"Sprachschule acc\u00e9nt\" srcset=\"https:\/\/www.sprachschule-accent.de\/wp-content\/uploads\/2022\/01\/B51A8476-2-768x768.jpg 768w, https:\/\/www.sprachschule-accent.de\/wp-content\/uploads\/2022\/01\/B51A8476-2-300x300.jpg 300w, https:\/\/www.sprachschule-accent.de\/wp-content\/uploads\/2022\/01\/B51A8476-2-100x100.jpg 100w, https:\/\/www.sprachschule-accent.de\/wp-content\/uploads\/2022\/01\/B51A8476-2-600x600.jpg 600w, https:\/\/www.sprachschule-accent.de\/wp-content\/uploads\/2022\/01\/B51A8476-2-1024x1024.jpg 1024w, https:\/\/www.sprachschule-accent.de\/wp-content\/uploads\/2022\/01\/B51A8476-2-150x150.jpg 150w, https:\/\/www.sprachschule-accent.de\/wp-content\/uploads\/2022\/01\/B51A8476-2-1536x1536.jpg 1536w, https:\/\/www.sprachschule-accent.de\/wp-content\/uploads\/2022\/01\/B51A8476-2.jpg 1679w\" sizes=\"(max-width: 768px) 100vw, 768px\" \/>\t\t\t\t\t\t\t\t\t\t\t\t\t\t\t<\/div>\n\t\t\t\t<\/div>\n\t\t\t\t<\/div>\n\t\t\t\t<\/div>\n\t\t\t\t\t<\/div>\n\t\t\t\t<\/div>\n\t\t<div class=\"has_eae_slider elementor-element elementor-element-863b9d9 e-flex e-con-boxed e-con e-parent\" data-eae-slider=\"39038\" data-id=\"863b9d9\" data-element_type=\"container\" data-e-type=\"container\" data-settings=\"{&quot;background_background&quot;:&quot;classic&quot;}\">\n\t\t\t\t\t<div class=\"e-con-inner\">\n\t\t\t\t<div class=\"elementor-element elementor-element-8b12c42 elementor-widget elementor-widget-heading\" data-id=\"8b12c42\" data-element_type=\"widget\" data-e-type=\"widget\" data-widget_type=\"heading.default\">\n\t\t\t\t<div class=\"elementor-widget-container\">\n\t\t\t\t\t<h2 class=\"elementor-heading-title elementor-size-default\">Sprachschule acc\u00e9nt in Zahlen<\/h2>\t\t\t\t<\/div>\n\t\t\t\t<\/div>\n\t\t<div class=\"has_eae_slider elementor-element elementor-element-2de2b5c e-transform e-transform e-con-full e-flex e-con e-child\" data-eae-slider=\"41125\" data-id=\"2de2b5c\" data-element_type=\"container\" data-e-type=\"container\" data-settings=\"{&quot;background_background&quot;:&quot;classic&quot;,&quot;_transform_translateX_effect_hover&quot;:{&quot;unit&quot;:&quot;px&quot;,&quot;size&quot;:&quot;&quot;,&quot;sizes&quot;:[]},&quot;_transform_translateX_effect_hover_tablet&quot;:{&quot;unit&quot;:&quot;px&quot;,&quot;size&quot;:&quot;&quot;,&quot;sizes&quot;:[]},&quot;_transform_translateX_effect_hover_mobile&quot;:{&quot;unit&quot;:&quot;px&quot;,&quot;size&quot;:&quot;&quot;,&quot;sizes&quot;:[]},&quot;_transform_translateY_effect_hover&quot;:{&quot;unit&quot;:&quot;px&quot;,&quot;size&quot;:&quot;&quot;,&quot;sizes&quot;:[]},&quot;_transform_translateY_effect_hover_tablet&quot;:{&quot;unit&quot;:&quot;px&quot;,&quot;size&quot;:&quot;&quot;,&quot;sizes&quot;:[]},&quot;_transform_translateY_effect_hover_mobile&quot;:{&quot;unit&quot;:&quot;px&quot;,&quot;size&quot;:&quot;&quot;,&quot;sizes&quot;:[]},&quot;_transform_scale_effect_hover&quot;:{&quot;unit&quot;:&quot;px&quot;,&quot;size&quot;:&quot;&quot;,&quot;sizes&quot;:[]},&quot;_transform_scale_effect_hover_tablet&quot;:{&quot;unit&quot;:&quot;px&quot;,&quot;size&quot;:&quot;&quot;,&quot;sizes&quot;:[]},&quot;_transform_scale_effect_hover_mobile&quot;:{&quot;unit&quot;:&quot;px&quot;,&quot;size&quot;:&quot;&quot;,&quot;sizes&quot;:[]}}\">\n\t\t<div class=\"has_eae_slider elementor-element elementor-element-d64c401 e-con-full e-flex e-con e-child\" data-eae-slider=\"99709\" data-id=\"d64c401\" data-element_type=\"container\" data-e-type=\"container\" data-settings=\"{&quot;background_background&quot;:&quot;classic&quot;}\">\n\t\t\t\t<div class=\"elementor-element elementor-element-11ff787 elementor-widget elementor-widget-heading\" data-id=\"11ff787\" data-element_type=\"widget\" data-e-type=\"widget\" data-widget_type=\"heading.default\">\n\t\t\t\t<div class=\"elementor-widget-container\">\n\t\t\t\t\t<h2 class=\"elementor-heading-title elementor-size-default\">73+<\/h2>\t\t\t\t<\/div>\n\t\t\t\t<\/div>\n\t\t\t\t<div class=\"elementor-element elementor-element-e8815d5 elementor-widget elementor-widget-text-editor\" data-id=\"e8815d5\" data-element_type=\"widget\" data-e-type=\"widget\" data-widget_type=\"text-editor.default\">\n\t\t\t\t<div class=\"elementor-widget-container\">\n\t\t\t\t\t\t\t\t\t<p>L\u00e4nder unter einem Dach<\/p>\t\t\t\t\t\t\t\t<\/div>\n\t\t\t\t<\/div>\n\t\t\t\t<\/div>\n\t\t\t\t<div class=\"elementor-element elementor-element-9f7581d elementor-hidden-desktop elementor-widget-divider--view-line elementor-widget elementor-widget-divider\" data-id=\"9f7581d\" data-element_type=\"widget\" data-e-type=\"widget\" data-widget_type=\"divider.default\">\n\t\t\t\t<div class=\"elementor-widget-container\">\n\t\t\t\t\t\t\t<div class=\"elementor-divider\">\n\t\t\t<span class=\"elementor-divider-separator\">\n\t\t\t\t\t\t<\/span>\n\t\t<\/div>\n\t\t\t\t\t\t<\/div>\n\t\t\t\t<\/div>\n\t\t<div class=\"has_eae_slider elementor-element elementor-element-4257625 e-con-full e-flex e-con e-child\" data-eae-slider=\"98681\" data-id=\"4257625\" data-element_type=\"container\" data-e-type=\"container\" data-settings=\"{&quot;background_background&quot;:&quot;classic&quot;}\">\n\t\t\t\t<div class=\"elementor-element elementor-element-958e7e9 elementor-widget elementor-widget-heading\" data-id=\"958e7e9\" data-element_type=\"widget\" data-e-type=\"widget\" data-widget_type=\"heading.default\">\n\t\t\t\t<div class=\"elementor-widget-container\">\n\t\t\t\t\t<h2 class=\"elementor-heading-title elementor-size-default\">1500+<\/h2>\t\t\t\t<\/div>\n\t\t\t\t<\/div>\n\t\t\t\t<div class=\"elementor-element elementor-element-617f134 elementor-widget elementor-widget-text-editor\" data-id=\"617f134\" data-element_type=\"widget\" data-e-type=\"widget\" data-widget_type=\"text-editor.default\">\n\t\t\t\t<div class=\"elementor-widget-container\">\n\t\t\t\t\t\t\t\t\t<p>zufriedene Teilnehmende<\/p>\t\t\t\t\t\t\t\t<\/div>\n\t\t\t\t<\/div>\n\t\t\t\t<\/div>\n\t\t\t\t<div class=\"elementor-element elementor-element-b51ff55 elementor-hidden-desktop elementor-widget-divider--view-line elementor-widget elementor-widget-divider\" data-id=\"b51ff55\" data-element_type=\"widget\" data-e-type=\"widget\" data-widget_type=\"divider.default\">\n\t\t\t\t<div class=\"elementor-widget-container\">\n\t\t\t\t\t\t\t<div class=\"elementor-divider\">\n\t\t\t<span class=\"elementor-divider-separator\">\n\t\t\t\t\t\t<\/span>\n\t\t<\/div>\n\t\t\t\t\t\t<\/div>\n\t\t\t\t<\/div>\n\t\t<div class=\"has_eae_slider elementor-element elementor-element-2a4cb91 e-con-full e-flex e-con e-child\" data-eae-slider=\"54798\" data-id=\"2a4cb91\" data-element_type=\"container\" data-e-type=\"container\" data-settings=\"{&quot;background_background&quot;:&quot;classic&quot;}\">\n\t\t\t\t<div class=\"elementor-element elementor-element-f0a09ba elementor-widget elementor-widget-heading\" data-id=\"f0a09ba\" data-element_type=\"widget\" data-e-type=\"widget\" data-widget_type=\"heading.default\">\n\t\t\t\t<div class=\"elementor-widget-container\">\n\t\t\t\t\t<h2 class=\"elementor-heading-title elementor-size-default\">120+<\/h2>\t\t\t\t<\/div>\n\t\t\t\t<\/div>\n\t\t\t\t<div class=\"elementor-element elementor-element-32c7e17 elementor-widget elementor-widget-text-editor\" data-id=\"32c7e17\" data-element_type=\"widget\" data-e-type=\"widget\" data-widget_type=\"text-editor.default\">\n\t\t\t\t<div class=\"elementor-widget-container\">\n\t\t\t\t\t\t\t\t\t<p>Kurse im Jahr<\/p>\t\t\t\t\t\t\t\t<\/div>\n\t\t\t\t<\/div>\n\t\t\t\t<\/div>\n\t\t\t\t<div class=\"elementor-element elementor-element-ffd7f6a elementor-hidden-desktop elementor-widget-divider--view-line elementor-widget elementor-widget-divider\" data-id=\"ffd7f6a\" data-element_type=\"widget\" data-e-type=\"widget\" data-widget_type=\"divider.default\">\n\t\t\t\t<div class=\"elementor-widget-container\">\n\t\t\t\t\t\t\t<div class=\"elementor-divider\">\n\t\t\t<span class=\"elementor-divider-separator\">\n\t\t\t\t\t\t<\/span>\n\t\t<\/div>\n\t\t\t\t\t\t<\/div>\n\t\t\t\t<\/div>\n\t\t<div class=\"has_eae_slider elementor-element elementor-element-1b35e4e e-con-full e-flex e-con e-child\" data-eae-slider=\"75491\" data-id=\"1b35e4e\" data-element_type=\"container\" data-e-type=\"container\" data-settings=\"{&quot;background_background&quot;:&quot;classic&quot;}\">\n\t\t\t\t<div class=\"elementor-element elementor-element-49656f8 elementor-widget elementor-widget-heading\" data-id=\"49656f8\" data-element_type=\"widget\" data-e-type=\"widget\" data-widget_type=\"heading.default\">\n\t\t\t\t<div class=\"elementor-widget-container\">\n\t\t\t\t\t<h2 class=\"elementor-heading-title elementor-size-default\">100%<\/h2>\t\t\t\t<\/div>\n\t\t\t\t<\/div>\n\t\t\t\t<div class=\"elementor-element elementor-element-db62960 elementor-widget elementor-widget-text-editor\" data-id=\"db62960\" data-element_type=\"widget\" data-e-type=\"widget\" data-widget_type=\"text-editor.default\">\n\t\t\t\t<div class=\"elementor-widget-container\">\n\t\t\t\t\t\t\t\t\t<p>Leidenschaft<\/p>\t\t\t\t\t\t\t\t<\/div>\n\t\t\t\t<\/div>\n\t\t\t\t<\/div>\n\t\t\t\t<\/div>\n\t\t\t\t\t<\/div>\n\t\t\t\t<\/div>\n\t\t<div class=\"has_eae_slider elementor-element elementor-element-f4effbd e-flex e-con-boxed e-con e-parent\" data-eae-slider=\"72887\" data-id=\"f4effbd\" data-element_type=\"container\" data-e-type=\"container\" data-settings=\"{&quot;background_background&quot;:&quot;classic&quot;}\">\n\t\t\t\t\t<div class=\"e-con-inner\">\n\t\t\t\t<div class=\"elementor-element elementor-element-3d68d96 elementor-widget elementor-widget-menu-anchor\" data-id=\"3d68d96\" data-element_type=\"widget\" data-e-type=\"widget\" data-widget_type=\"menu-anchor.default\">\n\t\t\t\t<div class=\"elementor-widget-container\">\n\t\t\t\t\t\t\t<div class=\"elementor-menu-anchor\" id=\"team\"><\/div>\n\t\t\t\t\t\t<\/div>\n\t\t\t\t<\/div>\n\t\t<div class=\"has_eae_slider elementor-element elementor-element-4104943 e-con-full e-flex e-con e-child\" data-eae-slider=\"9354\" data-id=\"4104943\" data-element_type=\"container\" data-e-type=\"container\" data-settings=\"{&quot;background_background&quot;:&quot;classic&quot;}\">\n\t\t\t\t<div class=\"elementor-element elementor-element-2cff72b elementor-widget-mobile__width-inherit elementor-widget elementor-widget-heading\" data-id=\"2cff72b\" data-element_type=\"widget\" data-e-type=\"widget\" data-widget_type=\"heading.default\">\n\t\t\t\t<div class=\"elementor-widget-container\">\n\t\t\t\t\t<h2 class=\"elementor-heading-title elementor-size-default\">Unser Team<\/h2>\t\t\t\t<\/div>\n\t\t\t\t<\/div>\n\t\t\t\t<div class=\"elementor-element elementor-element-0a603c0 elementor-widget elementor-widget-text-editor\" data-id=\"0a603c0\" data-element_type=\"widget\" data-e-type=\"widget\" data-widget_type=\"text-editor.default\">\n\t\t\t\t<div class=\"elementor-widget-container\">\n\t\t\t\t\t\t\t\t\t<p>Ein starkes Team aus qualifizierten Lehrkr\u00e4ften und engagierten Mitarbeitenden &#8211; f\u00fcr deinen Lernerfolg und eine inspirierende Atmosph\u00e4re.<\/p><p>Wir glauben an interkulturellen Austausch, gegenseitigen Respekt und die Kraft der Kommunikation.\u00a0<\/p><p>Mit Erfahrung, Fachkompetenz und echter Leidenschaft f\u00fcr Sprachen begleiten wir dich auf deinem Weg. Dabei legen wir Wert auf pers\u00f6nliche Begegnungen, individuelle Unterst\u00fctzung und eine angenehme Atmosph\u00e4re, in der Lernen Spa\u00df macht.\u00a0<\/p>\t\t\t\t\t\t\t\t<\/div>\n\t\t\t\t<\/div>\n\t\t\t\t<\/div>\n\t\t<div class=\"has_eae_slider elementor-element elementor-element-b7a0eda e-con-full e-flex e-con e-child\" data-eae-slider=\"72424\" data-id=\"b7a0eda\" data-element_type=\"container\" data-e-type=\"container\" data-settings=\"{&quot;background_background&quot;:&quot;classic&quot;}\">\n\t\t<div class=\"has_eae_slider elementor-element elementor-element-223ffd5 e-con-full e-flex e-con e-child\" data-eae-slider=\"10466\" data-id=\"223ffd5\" data-element_type=\"container\" data-e-type=\"container\" data-settings=\"{&quot;background_background&quot;:&quot;classic&quot;}\">\n\t\t<div class=\"has_eae_slider elementor-element elementor-element-f9ff3e9 e-con-full e-flex e-con e-child\" data-eae-slider=\"49913\" data-id=\"f9ff3e9\" data-element_type=\"container\" data-e-type=\"container\">\n\t\t\t\t<div class=\"elementor-element elementor-element-3c3ad13 elementor-widget elementor-widget-image\" data-id=\"3c3ad13\" data-element_type=\"widget\" data-e-type=\"widget\" data-widget_type=\"image.default\">\n\t\t\t\t<div class=\"elementor-widget-container\">\n\t\t\t\t\t\t\t\t\t\t\t\t\t\t\t<img decoding=\"async\" width=\"1537\" height=\"1537\" src=\"https:\/\/www.sprachschule-accent.de\/wp-content\/uploads\/2026\/08\/B51A8057-3.jpg\" class=\"attachment-full size-full wp-image-20006\" alt=\"\" srcset=\"https:\/\/www.sprachschule-accent.de\/wp-content\/uploads\/2026\/08\/B51A8057-3.jpg 1537w, https:\/\/www.sprachschule-accent.de\/wp-content\/uploads\/2026\/08\/B51A8057-3-300x300.jpg 300w, https:\/\/www.sprachschule-accent.de\/wp-content\/uploads\/2026\/08\/B51A8057-3-1024x1024.jpg 1024w, https:\/\/www.sprachschule-accent.de\/wp-content\/uploads\/2026\/08\/B51A8057-3-150x150.jpg 150w, https:\/\/www.sprachschule-accent.de\/wp-content\/uploads\/2026\/08\/B51A8057-3-768x768.jpg 768w, https:\/\/www.sprachschule-accent.de\/wp-content\/uploads\/2026\/08\/B51A8057-3-12x12.jpg 12w, https:\/\/www.sprachschule-accent.de\/wp-content\/uploads\/2026\/08\/B51A8057-3-600x600.jpg 600w\" sizes=\"(max-width: 1537px) 100vw, 1537px\" \/>\t\t\t\t\t\t\t\t\t\t\t\t\t\t\t<\/div>\n\t\t\t\t<\/div>\n\t\t\t\t<\/div>\n\t\t<div class=\"has_eae_slider elementor-element elementor-element-d5f7265 e-con-full e-flex e-con e-child\" data-eae-slider=\"49510\" data-id=\"d5f7265\" data-element_type=\"container\" data-e-type=\"container\" data-settings=\"{&quot;background_background&quot;:&quot;classic&quot;}\">\n\t\t\t\t<div class=\"elementor-element elementor-element-d7356f0 elementor-widget elementor-widget-heading\" data-id=\"d7356f0\" data-element_type=\"widget\" data-e-type=\"widget\" data-widget_type=\"heading.default\">\n\t\t\t\t<div class=\"elementor-widget-container\">\n\t\t\t\t\t<h2 class=\"elementor-heading-title elementor-size-default\">Anna Dudireva<\/h2>\t\t\t\t<\/div>\n\t\t\t\t<\/div>\n\t\t\t\t<div class=\"elementor-element elementor-element-913cc95 elementor-widget elementor-widget-text-editor\" data-id=\"913cc95\" data-element_type=\"widget\" data-e-type=\"widget\" data-widget_type=\"text-editor.default\">\n\t\t\t\t<div class=\"elementor-widget-container\">\n\t\t\t\t\t\t\t\t\t<p>Gr\u00fcnderin | telc Pr\u00fcferin | Dozentin f\u00fcr DaF\/ DaZ<\/p>\t\t\t\t\t\t\t\t<\/div>\n\t\t\t\t<\/div>\n\t\t\t\t<div class=\"elementor-element elementor-element-a7acc8f elementor-widget elementor-widget-text-editor\" data-id=\"a7acc8f\" data-element_type=\"widget\" data-e-type=\"widget\" data-widget_type=\"text-editor.default\">\n\t\t\t\t<div class=\"elementor-widget-container\">\n\t\t\t\t\t\t\t\t\t<p>Organisiert mit Herz und Verstand den reibungslosen Ablauf<\/p>\t\t\t\t\t\t\t\t<\/div>\n\t\t\t\t<\/div>\n\t\t\t\t<\/div>\n\t\t<div class=\"has_eae_slider elementor-element elementor-element-ca51baa e-con-full e-flex e-con e-child\" data-eae-slider=\"1272\" data-id=\"ca51baa\" data-element_type=\"container\" data-e-type=\"container\">\n\t\t\t\t<div class=\"elementor-element elementor-element-64416b8 elementor-widget elementor-widget-image\" data-id=\"64416b8\" data-element_type=\"widget\" data-e-type=\"widget\" data-widget_type=\"image.default\">\n\t\t\t\t<div class=\"elementor-widget-container\">\n\t\t\t\t\t\t\t\t\t\t\t\t\t\t\t<img decoding=\"async\" width=\"1819\" height=\"1819\" src=\"https:\/\/www.sprachschule-accent.de\/wp-content\/uploads\/2025\/03\/Claire-Racine.jpg\" class=\"attachment-full size-full wp-image-12871\" alt=\"Claire Racine\" srcset=\"https:\/\/www.sprachschule-accent.de\/wp-content\/uploads\/2025\/03\/Claire-Racine.jpg 1819w, https:\/\/www.sprachschule-accent.de\/wp-content\/uploads\/2025\/03\/Claire-Racine-300x300.jpg 300w, https:\/\/www.sprachschule-accent.de\/wp-content\/uploads\/2025\/03\/Claire-Racine-1024x1024.jpg 1024w, https:\/\/www.sprachschule-accent.de\/wp-content\/uploads\/2025\/03\/Claire-Racine-150x150.jpg 150w, https:\/\/www.sprachschule-accent.de\/wp-content\/uploads\/2025\/03\/Claire-Racine-768x768.jpg 768w, https:\/\/www.sprachschule-accent.de\/wp-content\/uploads\/2025\/03\/Claire-Racine-1536x1536.jpg 1536w, https:\/\/www.sprachschule-accent.de\/wp-content\/uploads\/2025\/03\/Claire-Racine-600x600.jpg 600w\" sizes=\"(max-width: 1819px) 100vw, 1819px\" \/>\t\t\t\t\t\t\t\t\t\t\t\t\t\t\t<\/div>\n\t\t\t\t<\/div>\n\t\t\t\t<\/div>\n\t\t<div class=\"has_eae_slider elementor-element elementor-element-7fb1a8b e-con-full e-flex e-con e-child\" data-eae-slider=\"9165\" data-id=\"7fb1a8b\" data-element_type=\"container\" data-e-type=\"container\" data-settings=\"{&quot;background_background&quot;:&quot;classic&quot;}\">\n\t\t\t\t<div class=\"elementor-element elementor-element-c6ca5f7 elementor-widget elementor-widget-heading\" data-id=\"c6ca5f7\" data-element_type=\"widget\" data-e-type=\"widget\" data-widget_type=\"heading.default\">\n\t\t\t\t<div class=\"elementor-widget-container\">\n\t\t\t\t\t<h2 class=\"elementor-heading-title elementor-size-default\">Claire Racine<\/h2>\t\t\t\t<\/div>\n\t\t\t\t<\/div>\n\t\t\t\t<div class=\"elementor-element elementor-element-029ec94 elementor-widget elementor-widget-text-editor\" data-id=\"029ec94\" data-element_type=\"widget\" data-e-type=\"widget\" data-widget_type=\"text-editor.default\">\n\t\t\t\t<div class=\"elementor-widget-container\">\n\t\t\t\t\t\t\t\t\t<p>Administration | telc Verantwortliche<\/p>\t\t\t\t\t\t\t\t<\/div>\n\t\t\t\t<\/div>\n\t\t\t\t<div class=\"elementor-element elementor-element-034146d elementor-widget elementor-widget-text-editor\" data-id=\"034146d\" data-element_type=\"widget\" data-e-type=\"widget\" data-widget_type=\"text-editor.default\">\n\t\t\t\t<div class=\"elementor-widget-container\">\n\t\t\t\t\t\t\t\t\t<p>Ansprechpartnerin f\u00fcr alle Anliegen rund um Kurse und telc Pr\u00fcfungen<\/p>\t\t\t\t\t\t\t\t<\/div>\n\t\t\t\t<\/div>\n\t\t\t\t<\/div>\n\t\t\t\t<\/div>\n\t\t<div class=\"has_eae_slider elementor-element elementor-element-157c07e e-con-full e-flex e-con e-child\" data-eae-slider=\"21023\" data-id=\"157c07e\" data-element_type=\"container\" data-e-type=\"container\" data-settings=\"{&quot;background_background&quot;:&quot;classic&quot;}\">\n\t\t<div class=\"has_eae_slider elementor-element elementor-element-4bff935 e-con-full e-flex e-con e-child\" data-eae-slider=\"94083\" data-id=\"4bff935\" data-element_type=\"container\" data-e-type=\"container\" data-settings=\"{&quot;background_background&quot;:&quot;classic&quot;}\">\n\t\t\t\t<div class=\"elementor-element elementor-element-6a38fd6 elementor-widget elementor-widget-heading\" data-id=\"6a38fd6\" data-element_type=\"widget\" data-e-type=\"widget\" data-widget_type=\"heading.default\">\n\t\t\t\t<div class=\"elementor-widget-container\">\n\t\t\t\t\t<h2 class=\"elementor-heading-title elementor-size-default\">Elisa Motta<\/h2>\t\t\t\t<\/div>\n\t\t\t\t<\/div>\n\t\t\t\t<div class=\"elementor-element elementor-element-57e4f45 elementor-widget elementor-widget-text-editor\" data-id=\"57e4f45\" data-element_type=\"widget\" data-e-type=\"widget\" data-widget_type=\"text-editor.default\">\n\t\t\t\t<div class=\"elementor-widget-container\">\n\t\t\t\t\t\t\t\t\t<p>Dozentin f\u00fcr DaF\/ DaZ | telc Pr\u00fcferin<\/p>\t\t\t\t\t\t\t\t<\/div>\n\t\t\t\t<\/div>\n\t\t\t\t<div class=\"elementor-element elementor-element-7cb75b1 elementor-widget elementor-widget-text-editor\" data-id=\"7cb75b1\" data-element_type=\"widget\" data-e-type=\"widget\" data-widget_type=\"text-editor.default\">\n\t\t\t\t<div class=\"elementor-widget-container\">\n\t\t\t\t\t\t\t\t\t<p>Mit Erfahrung, Engagement und einem offenen Ohr f\u00fcr unsere Kursteilnehmenden<\/p>\t\t\t\t\t\t\t\t<\/div>\n\t\t\t\t<\/div>\n\t\t\t\t<\/div>\n\t\t<div class=\"has_eae_slider elementor-element elementor-element-36cc070 e-con-full e-flex e-con e-child\" data-eae-slider=\"86213\" data-id=\"36cc070\" data-element_type=\"container\" data-e-type=\"container\">\n\t\t\t\t<div class=\"elementor-element elementor-element-0603921 elementor-widget elementor-widget-image\" data-id=\"0603921\" data-element_type=\"widget\" data-e-type=\"widget\" data-widget_type=\"image.default\">\n\t\t\t\t<div class=\"elementor-widget-container\">\n\t\t\t\t\t\t\t\t\t\t\t\t\t\t\t<img loading=\"lazy\" decoding=\"async\" width=\"1819\" height=\"1819\" src=\"https:\/\/www.sprachschule-accent.de\/wp-content\/uploads\/2024\/01\/IMG_0286.jpg\" class=\"attachment-full size-full wp-image-8931\" alt=\"Elisa Motta\" srcset=\"https:\/\/www.sprachschule-accent.de\/wp-content\/uploads\/2024\/01\/IMG_0286.jpg 1819w, https:\/\/www.sprachschule-accent.de\/wp-content\/uploads\/2024\/01\/IMG_0286-300x300.jpg 300w, https:\/\/www.sprachschule-accent.de\/wp-content\/uploads\/2024\/01\/IMG_0286-100x100.jpg 100w, https:\/\/www.sprachschule-accent.de\/wp-content\/uploads\/2024\/01\/IMG_0286-600x600.jpg 600w, https:\/\/www.sprachschule-accent.de\/wp-content\/uploads\/2024\/01\/IMG_0286-1024x1024.jpg 1024w, https:\/\/www.sprachschule-accent.de\/wp-content\/uploads\/2024\/01\/IMG_0286-150x150.jpg 150w, https:\/\/www.sprachschule-accent.de\/wp-content\/uploads\/2024\/01\/IMG_0286-768x768.jpg 768w, https:\/\/www.sprachschule-accent.de\/wp-content\/uploads\/2024\/01\/IMG_0286-1536x1536.jpg 1536w\" sizes=\"(max-width: 1819px) 100vw, 1819px\" \/>\t\t\t\t\t\t\t\t\t\t\t\t\t\t\t<\/div>\n\t\t\t\t<\/div>\n\t\t\t\t<\/div>\n\t\t<div class=\"has_eae_slider elementor-element elementor-element-0afb26a e-con-full e-flex e-con e-child\" data-eae-slider=\"34736\" data-id=\"0afb26a\" data-element_type=\"container\" data-e-type=\"container\" data-settings=\"{&quot;background_background&quot;:&quot;classic&quot;}\">\n\t\t\t\t<div class=\"elementor-element elementor-element-cb622d3 elementor-widget elementor-widget-heading\" data-id=\"cb622d3\" data-element_type=\"widget\" data-e-type=\"widget\" data-widget_type=\"heading.default\">\n\t\t\t\t<div class=\"elementor-widget-container\">\n\t\t\t\t\t<h2 class=\"elementor-heading-title elementor-size-default\">Tanja Krause<\/h2>\t\t\t\t<\/div>\n\t\t\t\t<\/div>\n\t\t\t\t<div class=\"elementor-element elementor-element-37a8c32 elementor-widget elementor-widget-text-editor\" data-id=\"37a8c32\" data-element_type=\"widget\" data-e-type=\"widget\" data-widget_type=\"text-editor.default\">\n\t\t\t\t<div class=\"elementor-widget-container\">\n\t\t\t\t\t\t\t\t\t<p>Dozent f\u00fcr DaF\/ DaZ<\/p>\t\t\t\t\t\t\t\t<\/div>\n\t\t\t\t<\/div>\n\t\t\t\t<div class=\"elementor-element elementor-element-310c9fc elementor-widget elementor-widget-text-editor\" data-id=\"310c9fc\" data-element_type=\"widget\" data-e-type=\"widget\" data-widget_type=\"text-editor.default\">\n\t\t\t\t<div class=\"elementor-widget-container\">\n\t\t\t\t\t\t\t\t\t<p>Mit Fachkompetenz und Leidenschaft f\u00fcr erfolgreichen Sprachunterricht<\/p>\t\t\t\t\t\t\t\t<\/div>\n\t\t\t\t<\/div>\n\t\t\t\t<\/div>\n\t\t<div class=\"has_eae_slider elementor-element elementor-element-5b85b7e e-con-full e-flex e-con e-child\" data-eae-slider=\"62976\" data-id=\"5b85b7e\" data-element_type=\"container\" data-e-type=\"container\">\n\t\t\t\t<\/div>\n\t\t\t\t<\/div>\n\t\t<div class=\"has_eae_slider elementor-element elementor-element-063c878 e-con-full e-flex e-con e-child\" data-eae-slider=\"22992\" data-id=\"063c878\" data-element_type=\"container\" data-e-type=\"container\" data-settings=\"{&quot;background_background&quot;:&quot;classic&quot;}\">\n\t\t<div class=\"has_eae_slider elementor-element elementor-element-66a7d34 e-con-full e-flex e-con e-child\" data-eae-slider=\"25628\" data-id=\"66a7d34\" data-element_type=\"container\" data-e-type=\"container\">\n\t\t\t\t<div class=\"elementor-element elementor-element-43a24ed elementor-widget elementor-widget-image\" data-id=\"43a24ed\" data-element_type=\"widget\" data-e-type=\"widget\" data-widget_type=\"image.default\">\n\t\t\t\t<div class=\"elementor-widget-container\">\n\t\t\t\t\t\t\t\t\t\t\t\t\t\t\t<img loading=\"lazy\" decoding=\"async\" width=\"1287\" height=\"1287\" src=\"https:\/\/www.sprachschule-accent.de\/wp-content\/uploads\/2024\/01\/Zachary-Houser.jpg\" class=\"attachment-full size-full wp-image-8881\" alt=\"Zachary Houser\" srcset=\"https:\/\/www.sprachschule-accent.de\/wp-content\/uploads\/2024\/01\/Zachary-Houser.jpg 1287w, https:\/\/www.sprachschule-accent.de\/wp-content\/uploads\/2024\/01\/Zachary-Houser-300x300.jpg 300w, https:\/\/www.sprachschule-accent.de\/wp-content\/uploads\/2024\/01\/Zachary-Houser-100x100.jpg 100w, https:\/\/www.sprachschule-accent.de\/wp-content\/uploads\/2024\/01\/Zachary-Houser-600x600.jpg 600w, https:\/\/www.sprachschule-accent.de\/wp-content\/uploads\/2024\/01\/Zachary-Houser-1024x1024.jpg 1024w, https:\/\/www.sprachschule-accent.de\/wp-content\/uploads\/2024\/01\/Zachary-Houser-150x150.jpg 150w, https:\/\/www.sprachschule-accent.de\/wp-content\/uploads\/2024\/01\/Zachary-Houser-768x768.jpg 768w\" sizes=\"(max-width: 1287px) 100vw, 1287px\" \/>\t\t\t\t\t\t\t\t\t\t\t\t\t\t\t<\/div>\n\t\t\t\t<\/div>\n\t\t\t\t<\/div>\n\t\t<div class=\"has_eae_slider elementor-element elementor-element-c1879f5 e-con-full e-flex e-con e-child\" data-eae-slider=\"74447\" data-id=\"c1879f5\" data-element_type=\"container\" data-e-type=\"container\" data-settings=\"{&quot;background_background&quot;:&quot;classic&quot;}\">\n\t\t\t\t<div class=\"elementor-element elementor-element-cf3a1cc elementor-widget elementor-widget-heading\" data-id=\"cf3a1cc\" data-element_type=\"widget\" data-e-type=\"widget\" data-widget_type=\"heading.default\">\n\t\t\t\t<div class=\"elementor-widget-container\">\n\t\t\t\t\t<h2 class=\"elementor-heading-title elementor-size-default\">Zachary Houser<\/h2>\t\t\t\t<\/div>\n\t\t\t\t<\/div>\n\t\t\t\t<div class=\"elementor-element elementor-element-22acae3 elementor-widget elementor-widget-text-editor\" data-id=\"22acae3\" data-element_type=\"widget\" data-e-type=\"widget\" data-widget_type=\"text-editor.default\">\n\t\t\t\t<div class=\"elementor-widget-container\">\n\t\t\t\t\t\t\t\t\t<p>Dozent f\u00fcr Englisch | TEFL zertifiziert<\/p>\t\t\t\t\t\t\t\t<\/div>\n\t\t\t\t<\/div>\n\t\t\t\t<div class=\"elementor-element elementor-element-8a06837 elementor-widget elementor-widget-text-editor\" data-id=\"8a06837\" data-element_type=\"widget\" data-e-type=\"widget\" data-widget_type=\"text-editor.default\">\n\t\t\t\t<div class=\"elementor-widget-container\">\n\t\t\t\t\t\t\t\t\t<p>Bringt Sprache mit Energie, Praxisn\u00e4he und Freude ins Klassenzimmer<\/p>\t\t\t\t\t\t\t\t<\/div>\n\t\t\t\t<\/div>\n\t\t\t\t<\/div>\n\t\t<div class=\"has_eae_slider elementor-element elementor-element-0d02d55 e-con-full e-flex e-con e-child\" data-eae-slider=\"66589\" data-id=\"0d02d55\" data-element_type=\"container\" data-e-type=\"container\">\n\t\t\t\t<div class=\"elementor-element elementor-element-cb3cd4e elementor-widget elementor-widget-image\" data-id=\"cb3cd4e\" data-element_type=\"widget\" data-e-type=\"widget\" data-widget_type=\"image.default\">\n\t\t\t\t<div class=\"elementor-widget-container\">\n\t\t\t\t\t\t\t\t\t\t\t\t\t\t\t<img loading=\"lazy\" decoding=\"async\" width=\"1818\" height=\"1819\" src=\"https:\/\/www.sprachschule-accent.de\/wp-content\/uploads\/2024\/02\/Juan.jpg\" class=\"attachment-full size-full wp-image-9376\" alt=\"Juan Ezequiel Veliz\" srcset=\"https:\/\/www.sprachschule-accent.de\/wp-content\/uploads\/2024\/02\/Juan.jpg 1818w, https:\/\/www.sprachschule-accent.de\/wp-content\/uploads\/2024\/02\/Juan-300x300.jpg 300w, https:\/\/www.sprachschule-accent.de\/wp-content\/uploads\/2024\/02\/Juan-100x100.jpg 100w, https:\/\/www.sprachschule-accent.de\/wp-content\/uploads\/2024\/02\/Juan-600x600.jpg 600w, https:\/\/www.sprachschule-accent.de\/wp-content\/uploads\/2024\/02\/Juan-1024x1024.jpg 1024w, https:\/\/www.sprachschule-accent.de\/wp-content\/uploads\/2024\/02\/Juan-150x150.jpg 150w, https:\/\/www.sprachschule-accent.de\/wp-content\/uploads\/2024\/02\/Juan-768x768.jpg 768w, https:\/\/www.sprachschule-accent.de\/wp-content\/uploads\/2024\/02\/Juan-1536x1536.jpg 1536w\" sizes=\"(max-width: 1818px) 100vw, 1818px\" \/>\t\t\t\t\t\t\t\t\t\t\t\t\t\t\t<\/div>\n\t\t\t\t<\/div>\n\t\t\t\t<\/div>\n\t\t<div class=\"has_eae_slider elementor-element elementor-element-160797f e-con-full e-flex e-con e-child\" data-eae-slider=\"51722\" data-id=\"160797f\" data-element_type=\"container\" data-e-type=\"container\" data-settings=\"{&quot;background_background&quot;:&quot;classic&quot;}\">\n\t\t\t\t<div class=\"elementor-element elementor-element-6423255 elementor-widget elementor-widget-heading\" data-id=\"6423255\" data-element_type=\"widget\" data-e-type=\"widget\" data-widget_type=\"heading.default\">\n\t\t\t\t<div class=\"elementor-widget-container\">\n\t\t\t\t\t<h2 class=\"elementor-heading-title elementor-size-default\">Juan Ezequiel Veliz<\/h2>\t\t\t\t<\/div>\n\t\t\t\t<\/div>\n\t\t\t\t<div class=\"elementor-element elementor-element-498c015 elementor-widget elementor-widget-text-editor\" data-id=\"498c015\" data-element_type=\"widget\" data-e-type=\"widget\" data-widget_type=\"text-editor.default\">\n\t\t\t\t<div class=\"elementor-widget-container\">\n\t\t\t\t\t\t\t\t\t<p>Dozent f\u00fcr Spanisch &amp; Englisch<\/p>\t\t\t\t\t\t\t\t<\/div>\n\t\t\t\t<\/div>\n\t\t\t\t<div class=\"elementor-element elementor-element-479c66d elementor-widget elementor-widget-text-editor\" data-id=\"479c66d\" data-element_type=\"widget\" data-e-type=\"widget\" data-widget_type=\"text-editor.default\">\n\t\t\t\t<div class=\"elementor-widget-container\">\n\t\t\t\t\t\t\t\t\t<p>Begeistert f\u00fcr Sprachen, Kommunikation und interkulturelle Begegnungen<\/p>\t\t\t\t\t\t\t\t<\/div>\n\t\t\t\t<\/div>\n\t\t\t\t<\/div>\n\t\t\t\t<\/div>\n\t\t\t\t<\/div>\n\t\t\t\t\t<\/div>\n\t\t\t\t<\/div>\n\t\t<div class=\"has_eae_slider elementor-element elementor-element-fd92e8b e-flex e-con-boxed e-con e-parent\" data-eae-slider=\"2788\" data-id=\"fd92e8b\" data-element_type=\"container\" data-e-type=\"container\" data-settings=\"{&quot;background_background&quot;:&quot;classic&quot;}\">\n\t\t\t\t\t<div class=\"e-con-inner\">\n\t\t<div class=\"has_eae_slider elementor-element elementor-element-db8e48a e-con-full e-flex e-con e-child\" data-eae-slider=\"71373\" data-id=\"db8e48a\" data-element_type=\"container\" data-e-type=\"container\">\n\t\t\t\t<div class=\"elementor-element elementor-element-dfdb332 elementor-widget elementor-widget-image\" data-id=\"dfdb332\" data-element_type=\"widget\" data-e-type=\"widget\" data-widget_type=\"image.default\">\n\t\t\t\t<div class=\"elementor-widget-container\">\n\t\t\t\t\t\t\t\t\t\t\t\t\t\t\t<img loading=\"lazy\" decoding=\"async\" width=\"768\" height=\"768\" src=\"https:\/\/www.sprachschule-accent.de\/wp-content\/uploads\/2024\/02\/Leipzig-768x768.jpg\" class=\"attachment-medium_large size-medium_large wp-image-9804\" alt=\"Leipzig\" srcset=\"https:\/\/www.sprachschule-accent.de\/wp-content\/uploads\/2024\/02\/Leipzig-768x768.jpg 768w, https:\/\/www.sprachschule-accent.de\/wp-content\/uploads\/2024\/02\/Leipzig-300x300.jpg 300w, https:\/\/www.sprachschule-accent.de\/wp-content\/uploads\/2024\/02\/Leipzig-100x100.jpg 100w, https:\/\/www.sprachschule-accent.de\/wp-content\/uploads\/2024\/02\/Leipzig-600x600.jpg 600w, https:\/\/www.sprachschule-accent.de\/wp-content\/uploads\/2024\/02\/Leipzig-1024x1024.jpg 1024w, https:\/\/www.sprachschule-accent.de\/wp-content\/uploads\/2024\/02\/Leipzig-150x150.jpg 150w, https:\/\/www.sprachschule-accent.de\/wp-content\/uploads\/2024\/02\/Leipzig-1536x1536.jpg 1536w, https:\/\/www.sprachschule-accent.de\/wp-content\/uploads\/2024\/02\/Leipzig.jpg 1819w\" sizes=\"(max-width: 768px) 100vw, 768px\" \/>\t\t\t\t\t\t\t\t\t\t\t\t\t\t\t<\/div>\n\t\t\t\t<\/div>\n\t\t\t\t<\/div>\n\t\t<div class=\"has_eae_slider elementor-element elementor-element-664a6d3 e-con-full e-flex e-con e-child\" data-eae-slider=\"63774\" data-id=\"664a6d3\" data-element_type=\"container\" data-e-type=\"container\" data-settings=\"{&quot;background_background&quot;:&quot;classic&quot;}\">\n\t\t\t\t<div class=\"elementor-element elementor-element-09728aa elementor-widget elementor-widget-heading\" data-id=\"09728aa\" data-element_type=\"widget\" data-e-type=\"widget\" data-widget_type=\"heading.default\">\n\t\t\t\t<div class=\"elementor-widget-container\">\n\t\t\t\t\t<h2 class=\"elementor-heading-title elementor-size-default\">Mitten in Leipzig<br>\nzu Hause<\/h2>\t\t\t\t<\/div>\n\t\t\t\t<\/div>\n\t\t\t\t<div class=\"elementor-element elementor-element-e6d98a2 elementor-widget elementor-widget-text-editor\" data-id=\"e6d98a2\" data-element_type=\"widget\" data-e-type=\"widget\" data-widget_type=\"text-editor.default\">\n\t\t\t\t<div class=\"elementor-widget-container\">\n\t\t\t\t\t\t\t\t\t<p>Unsere Schule befindet sich im Herzen der Stadt &#8211; perfekt erreichbar und umgeben von Kultur, Caf\u00e9s und Leben.<\/p>\t\t\t\t\t\t\t\t<\/div>\n\t\t\t\t<\/div>\n\t\t\t\t<\/div>\n\t\t<div class=\"has_eae_slider elementor-element elementor-element-dfb2c30 e-con-full e-flex e-con e-child\" data-eae-slider=\"84305\" data-id=\"dfb2c30\" data-element_type=\"container\" data-e-type=\"container\" data-settings=\"{&quot;background_background&quot;:&quot;classic&quot;}\">\n\t\t<div class=\"has_eae_slider elementor-element elementor-element-b75f1ea e-con-full e-flex e-con e-child\" data-eae-slider=\"99078\" data-id=\"b75f1ea\" data-element_type=\"container\" data-e-type=\"container\">\n\t\t\t\t<div class=\"elementor-element elementor-element-445a516 elementor-widget elementor-widget-heading\" data-id=\"445a516\" data-element_type=\"widget\" data-e-type=\"widget\" data-widget_type=\"heading.default\">\n\t\t\t\t<div class=\"elementor-widget-container\">\n\t\t\t\t\t<h2 class=\"elementor-heading-title elementor-size-default\">Zentrale Lage<\/h2>\t\t\t\t<\/div>\n\t\t\t\t<\/div>\n\t\t\t\t<div class=\"elementor-element elementor-element-2d5e146 elementor-widget elementor-widget-text-editor\" data-id=\"2d5e146\" data-element_type=\"widget\" data-e-type=\"widget\" data-widget_type=\"text-editor.default\">\n\t\t\t\t<div class=\"elementor-widget-container\">\n\t\t\t\t\t\t\t\t\t<p>Im Herzen der Stadt Leipzig<\/p>\t\t\t\t\t\t\t\t<\/div>\n\t\t\t\t<\/div>\n\t\t\t\t<\/div>\n\t\t<div class=\"has_eae_slider elementor-element elementor-element-e0f7bb2 e-con-full e-flex e-con e-child\" data-eae-slider=\"63336\" data-id=\"e0f7bb2\" data-element_type=\"container\" data-e-type=\"container\">\n\t\t\t\t<div class=\"elementor-element elementor-element-f407850 elementor-widget elementor-widget-heading\" data-id=\"f407850\" data-element_type=\"widget\" data-e-type=\"widget\" data-widget_type=\"heading.default\">\n\t\t\t\t<div class=\"elementor-widget-container\">\n\t\t\t\t\t<h2 class=\"elementor-heading-title elementor-size-default\">Moderne R\u00e4ume<\/h2>\t\t\t\t<\/div>\n\t\t\t\t<\/div>\n\t\t\t\t<div class=\"elementor-element elementor-element-37f4e03 elementor-widget elementor-widget-text-editor\" data-id=\"37f4e03\" data-element_type=\"widget\" data-e-type=\"widget\" data-widget_type=\"text-editor.default\">\n\t\t\t\t<div class=\"elementor-widget-container\">\n\t\t\t\t\t\t\t\t\t<p>Helle, freundliche R\u00e4ume zum Wohlf\u00fchlen<\/p>\t\t\t\t\t\t\t\t<\/div>\n\t\t\t\t<\/div>\n\t\t\t\t<\/div>\n\t\t<div class=\"has_eae_slider elementor-element elementor-element-c787efb e-con-full e-flex e-con e-child\" data-eae-slider=\"47198\" data-id=\"c787efb\" data-element_type=\"container\" data-e-type=\"container\">\n\t\t\t\t<div class=\"elementor-element elementor-element-a067856 elementor-widget elementor-widget-heading\" data-id=\"a067856\" data-element_type=\"widget\" data-e-type=\"widget\" data-widget_type=\"heading.default\">\n\t\t\t\t<div class=\"elementor-widget-container\">\n\t\t\t\t\t<h2 class=\"elementor-heading-title elementor-size-default\">Mehr als Unterricht<\/h2>\t\t\t\t<\/div>\n\t\t\t\t<\/div>\n\t\t\t\t<div class=\"elementor-element elementor-element-0062d0c elementor-widget elementor-widget-text-editor\" data-id=\"0062d0c\" data-element_type=\"widget\" data-e-type=\"widget\" data-widget_type=\"text-editor.default\">\n\t\t\t\t<div class=\"elementor-widget-container\">\n\t\t\t\t\t\t\t\t\t<p>Events, Ausfl\u00fcge und gemeinsame Momente au\u00dferhalb des Klassenzimmers<\/p>\t\t\t\t\t\t\t\t<\/div>\n\t\t\t\t<\/div>\n\t\t\t\t<\/div>\n\t\t\t\t<\/div>\n\t\t<div class=\"has_eae_slider elementor-element elementor-element-30c15ec e-con-full e-flex e-con e-child\" data-eae-slider=\"74081\" data-id=\"30c15ec\" data-element_type=\"container\" data-e-type=\"container\" data-settings=\"{&quot;background_background&quot;:&quot;classic&quot;}\">\n\t\t\t\t<div class=\"elementor-element elementor-element-74657f4 elementor-widget elementor-widget-image\" data-id=\"74657f4\" data-element_type=\"widget\" data-e-type=\"widget\" data-widget_type=\"image.default\">\n\t\t\t\t<div class=\"elementor-widget-container\">\n\t\t\t\t\t\t\t\t\t\t\t\t\t\t\t<img loading=\"lazy\" decoding=\"async\" width=\"768\" height=\"1024\" src=\"https:\/\/www.sprachschule-accent.de\/wp-content\/uploads\/2026\/08\/Sprachschule-accent-768x1024.png\" class=\"attachment-medium_large size-medium_large wp-image-18781\" alt=\"Sprachschule accent\" srcset=\"https:\/\/www.sprachschule-accent.de\/wp-content\/uploads\/2026\/08\/Sprachschule-accent-768x1024.png 768w, https:\/\/www.sprachschule-accent.de\/wp-content\/uploads\/2026\/08\/Sprachschule-accent-225x300.png 225w, https:\/\/www.sprachschule-accent.de\/wp-content\/uploads\/2026\/08\/Sprachschule-accent-1152x1536.png 1152w, https:\/\/www.sprachschule-accent.de\/wp-content\/uploads\/2026\/08\/Sprachschule-accent-1536x2048.png 1536w, https:\/\/www.sprachschule-accent.de\/wp-content\/uploads\/2026\/08\/Sprachschule-accent-9x12.png 9w, https:\/\/www.sprachschule-accent.de\/wp-content\/uploads\/2026\/08\/Sprachschule-accent-scaled.png 1920w\" sizes=\"(max-width: 768px) 100vw, 768px\" \/>\t\t\t\t\t\t\t\t\t\t\t\t\t\t\t<\/div>\n\t\t\t\t<\/div>\n\t\t\t\t<\/div>\n\t\t\t\t\t<\/div>\n\t\t\t\t<\/div>\n\t\t\t\t<section class=\"has_eae_slider elementor-section elementor-top-section elementor-element elementor-element-4140860 elementor-hidden-desktop elementor-hidden-tablet elementor-hidden-mobile elementor-section-boxed elementor-section-height-default elementor-section-height-default\" data-eae-slider=\"58728\" data-id=\"4140860\" data-element_type=\"section\" data-e-type=\"section\" data-settings=\"{&quot;background_background&quot;:&quot;classic&quot;}\">\n\t\t\t\t\t\t\t<div class=\"elementor-background-overlay\"><\/div>\n\t\t\t\t\t\t\t<div class=\"elementor-container elementor-column-gap-default\">\n\t\t\t\t\t<div class=\"has_eae_slider elementor-column elementor-col-50 elementor-top-column elementor-element elementor-element-7f57454\" data-eae-slider=\"59286\" data-id=\"7f57454\" data-element_type=\"column\" data-e-type=\"column\" data-settings=\"{&quot;background_background&quot;:&quot;classic&quot;}\">\n\t\t\t<div class=\"elementor-widget-wrap elementor-element-populated\">\n\t\t\t\t\t\t<div class=\"elementor-element elementor-element-e7a404a elementor-widget__width-initial elementor-widget-tablet__width-initial elementor-widget-mobile__width-initial elementor-widget elementor-widget-image\" data-id=\"e7a404a\" data-element_type=\"widget\" data-e-type=\"widget\" data-widget_type=\"image.default\">\n\t\t\t\t<div class=\"elementor-widget-container\">\n\t\t\t\t\t\t\t\t\t\t\t\t\t\t\t<img loading=\"lazy\" decoding=\"async\" width=\"1024\" height=\"960\" src=\"https:\/\/www.sprachschule-accent.de\/wp-content\/uploads\/2022\/01\/B51A8217-1024x960.jpg\" class=\"attachment-large size-large wp-image-5820\" alt=\"Anna Dudireva\" srcset=\"https:\/\/www.sprachschule-accent.de\/wp-content\/uploads\/2022\/01\/B51A8217-1024x960.jpg 1024w, https:\/\/www.sprachschule-accent.de\/wp-content\/uploads\/2022\/01\/B51A8217-600x563.jpg 600w, https:\/\/www.sprachschule-accent.de\/wp-content\/uploads\/2022\/01\/B51A8217-300x281.jpg 300w, https:\/\/www.sprachschule-accent.de\/wp-content\/uploads\/2022\/01\/B51A8217-768x720.jpg 768w, https:\/\/www.sprachschule-accent.de\/wp-content\/uploads\/2022\/01\/B51A8217-1536x1440.jpg 1536w\" sizes=\"(max-width: 1024px) 100vw, 1024px\" \/>\t\t\t\t\t\t\t\t\t\t\t\t\t\t\t<\/div>\n\t\t\t\t<\/div>\n\t\t\t\t<div class=\"elementor-element elementor-element-a1ba1b6 elementor-widget-tablet__width-initial elementor-widget__width-initial elementor-widget elementor-widget-text-editor\" data-id=\"a1ba1b6\" data-element_type=\"widget\" data-e-type=\"widget\" data-widget_type=\"text-editor.default\">\n\t\t\t\t<div class=\"elementor-widget-container\">\n\t\t\t\t\t\t\t\t\t<p style=\"text-align: left;\"><strong>ANNA DUDIREVA<\/strong><\/p><ul><li style=\"text-align: left;\">Gr\u00fcnderin der Sprachschule acc\u00e9nt<\/li><li style=\"text-align: left;\">Dozentin f\u00fcr DaF\/DaZ (BAMF-zertifiziert)<\/li><li style=\"text-align: left;\">Diplom in Psychologie und in DaF\/ DaZ<\/li><li style=\"text-align: left;\">qualifizierte telc-Pr\u00fcferin f\u00fcr alle Niveaus (A1 &#8211; C1)<\/li><\/ul>\t\t\t\t\t\t\t\t<\/div>\n\t\t\t\t<\/div>\n\t\t\t\t<div class=\"elementor-element elementor-element-11ceb05 elementor-widget-divider--view-line elementor-widget elementor-widget-divider\" data-id=\"11ceb05\" data-element_type=\"widget\" data-e-type=\"widget\" data-settings=\"{&quot;motion_fx_motion_fx_scrolling&quot;:&quot;yes&quot;,&quot;motion_fx_scale_effect&quot;:&quot;yes&quot;,&quot;motion_fx_scale_direction&quot;:&quot;in-out&quot;,&quot;motion_fx_scale_speed&quot;:{&quot;unit&quot;:&quot;px&quot;,&quot;size&quot;:&quot;-10&quot;,&quot;sizes&quot;:[]},&quot;motion_fx_scale_range&quot;:{&quot;unit&quot;:&quot;%&quot;,&quot;size&quot;:&quot;&quot;,&quot;sizes&quot;:{&quot;start&quot;:&quot;0&quot;,&quot;end&quot;:&quot;50&quot;}},&quot;motion_fx_devices&quot;:[&quot;desktop&quot;,&quot;tablet&quot;,&quot;mobile&quot;]}\" data-widget_type=\"divider.default\">\n\t\t\t\t<div class=\"elementor-widget-container\">\n\t\t\t\t\t\t\t<div class=\"elementor-divider\">\n\t\t\t<span class=\"elementor-divider-separator\">\n\t\t\t\t\t\t<\/span>\n\t\t<\/div>\n\t\t\t\t\t\t<\/div>\n\t\t\t\t<\/div>\n\t\t\t\t<div class=\"elementor-element elementor-element-1e76f0f elementor-widget elementor-widget-text-editor\" data-id=\"1e76f0f\" data-element_type=\"widget\" data-e-type=\"widget\" data-widget_type=\"text-editor.default\">\n\t\t\t\t<div class=\"elementor-widget-container\">\n\t\t\t\t\t\t\t\t\t<p style=\"text-align: left;\">Als gelernte <strong>Psychologin<\/strong> und <strong>P\u00e4dagogin<\/strong> findet Anna schnell den Draht zu den Menschen. Ihre <strong>langj\u00e4hrige<\/strong> <strong>Berufserfahrung<\/strong> (mittlerweile schon \u00fcber 12 Jahre!) im Deutschunterricht auf verschiedenen Niveaus spricht f\u00fcr sich selbst.<\/p><p style=\"text-align: left;\">Anna ist unsere <strong>gr\u00fcne Fee<\/strong> in der Sprachschule acc\u00e9nt. Sie liebt Pflanzen und hat sicherlich statt eines roten ein <strong>gr\u00fcnes Herz<\/strong>.<\/p><p style=\"text-align: left;\">Au\u00dferdem liebt sie <strong>Sprachen<\/strong> und ihr Traum mindestens vier Sprachen zu beherrschen (drei hat sie schon geschafft!).<\/p><p style=\"text-align: left;\">Anna ist sehr <strong>tierlieb<\/strong>. Ihr Herz schl\u00e4gt um einiges schneller, wenn eine Katze in der N\u00e4he ist. Zu Hause hat sie aber nur (oder erst&#8230;) eine.<br \/><br \/><\/p>\t\t\t\t\t\t\t\t<\/div>\n\t\t\t\t<\/div>\n\t\t\t\t\t<\/div>\n\t\t<\/div>\n\t\t\t\t<div class=\"has_eae_slider elementor-column elementor-col-50 elementor-top-column elementor-element elementor-element-297c4e6\" data-eae-slider=\"41216\" data-id=\"297c4e6\" data-element_type=\"column\" data-e-type=\"column\" data-settings=\"{&quot;background_background&quot;:&quot;classic&quot;}\">\n\t\t\t<div class=\"elementor-widget-wrap elementor-element-populated\">\n\t\t\t\t\t\t<div class=\"elementor-element elementor-element-fa971f2 elementor-widget__width-initial elementor-widget-tablet__width-initial elementor-widget-mobile__width-initial elementor-widget elementor-widget-image\" data-id=\"fa971f2\" data-element_type=\"widget\" data-e-type=\"widget\" data-widget_type=\"image.default\">\n\t\t\t\t<div class=\"elementor-widget-container\">\n\t\t\t\t\t\t\t\t\t\t\t\t\t\t\t<img loading=\"lazy\" decoding=\"async\" width=\"1024\" height=\"1024\" src=\"https:\/\/www.sprachschule-accent.de\/wp-content\/uploads\/2025\/03\/Claire-Racine-1024x1024.jpg\" class=\"attachment-large size-large wp-image-12871\" alt=\"Claire Racine\" srcset=\"https:\/\/www.sprachschule-accent.de\/wp-content\/uploads\/2025\/03\/Claire-Racine-1024x1024.jpg 1024w, https:\/\/www.sprachschule-accent.de\/wp-content\/uploads\/2025\/03\/Claire-Racine-300x300.jpg 300w, https:\/\/www.sprachschule-accent.de\/wp-content\/uploads\/2025\/03\/Claire-Racine-150x150.jpg 150w, https:\/\/www.sprachschule-accent.de\/wp-content\/uploads\/2025\/03\/Claire-Racine-768x768.jpg 768w, https:\/\/www.sprachschule-accent.de\/wp-content\/uploads\/2025\/03\/Claire-Racine-1536x1536.jpg 1536w, https:\/\/www.sprachschule-accent.de\/wp-content\/uploads\/2025\/03\/Claire-Racine-600x600.jpg 600w, https:\/\/www.sprachschule-accent.de\/wp-content\/uploads\/2025\/03\/Claire-Racine.jpg 1819w\" sizes=\"(max-width: 1024px) 100vw, 1024px\" \/>\t\t\t\t\t\t\t\t\t\t\t\t\t\t\t<\/div>\n\t\t\t\t<\/div>\n\t\t\t\t<div class=\"elementor-element elementor-element-faf3337 elementor-widget-tablet__width-initial elementor-widget__width-initial elementor-widget elementor-widget-text-editor\" data-id=\"faf3337\" data-element_type=\"widget\" data-e-type=\"widget\" data-widget_type=\"text-editor.default\">\n\t\t\t\t<div class=\"elementor-widget-container\">\n\t\t\t\t\t\t\t\t\t<p style=\"text-align: left;\"><strong>CLAIRE RACINE<\/strong><\/p><ul><li style=\"text-align: left;\">Bachelor in Angewandte Fremdsprachen<\/li><li style=\"text-align: left;\">Assistenz f\u00fcr Kundenkontakt<\/li><li>Verantwortliche f\u00fcr telc Pr\u00fcfungen<\/li><li>qualifizierte telc-Pr\u00fcferin f\u00fcr B1 &#8211; B2<\/li><\/ul>\t\t\t\t\t\t\t\t<\/div>\n\t\t\t\t<\/div>\n\t\t\t\t<div class=\"elementor-element elementor-element-1b7f4bb elementor-widget-divider--view-line elementor-widget elementor-widget-divider\" data-id=\"1b7f4bb\" data-element_type=\"widget\" data-e-type=\"widget\" data-settings=\"{&quot;motion_fx_motion_fx_scrolling&quot;:&quot;yes&quot;,&quot;motion_fx_scale_effect&quot;:&quot;yes&quot;,&quot;motion_fx_scale_direction&quot;:&quot;in-out&quot;,&quot;motion_fx_scale_speed&quot;:{&quot;unit&quot;:&quot;px&quot;,&quot;size&quot;:&quot;-10&quot;,&quot;sizes&quot;:[]},&quot;motion_fx_scale_range&quot;:{&quot;unit&quot;:&quot;%&quot;,&quot;size&quot;:&quot;&quot;,&quot;sizes&quot;:{&quot;start&quot;:&quot;0&quot;,&quot;end&quot;:&quot;50&quot;}},&quot;motion_fx_devices&quot;:[&quot;desktop&quot;,&quot;tablet&quot;,&quot;mobile&quot;]}\" data-widget_type=\"divider.default\">\n\t\t\t\t<div class=\"elementor-widget-container\">\n\t\t\t\t\t\t\t<div class=\"elementor-divider\">\n\t\t\t<span class=\"elementor-divider-separator\">\n\t\t\t\t\t\t<\/span>\n\t\t<\/div>\n\t\t\t\t\t\t<\/div>\n\t\t\t\t<\/div>\n\t\t\t\t<div class=\"elementor-element elementor-element-ae86d1c elementor-widget elementor-widget-text-editor\" data-id=\"ae86d1c\" data-element_type=\"widget\" data-e-type=\"widget\" data-widget_type=\"text-editor.default\">\n\t\t\t\t<div class=\"elementor-widget-container\">\n\t\t\t\t\t\t\t\t\t<p>Als geb\u00fcrtige Franz\u00f6sin verbrachte Claire nicht nur viel Zeit in ihrer Heimatstadt <strong>Lyon<\/strong>, sondern auch in <strong>England<\/strong>, wo sie einen Teil ihrer Familie regelm\u00e4\u00dfig besuchte. So entstand ihr Interesse am <strong>Reisen<\/strong> und an neuen L\u00e4ndern. Sie lebte in <strong>Wales, Norwegen<\/strong> und nun seit vielen Jahren in <strong>Deutschland<\/strong>.<\/p><p>Ihr Studium der Angewandten Fremdsprachen in Lyon erg\u00e4nzte sie durch ein <strong>P\u00e4dagogikstudium<\/strong> an der Hochschule Stord in Norwegen. Sie hat sowohl in der <strong>B\u00fcroverwaltung<\/strong> als auch als <strong>Fremdsprachenlehrerin<\/strong> gearbeitet.<\/p><p>Wenn sie nicht mit ihrer Familie zu Hause ist, findet man sie meist in ihrem <strong>Garten<\/strong> oder beim <strong>T\u00f6pfern<\/strong> in ihrer <strong>Hobby-Keramikwerkstatt<\/strong>.<\/p>\t\t\t\t\t\t\t\t<\/div>\n\t\t\t\t<\/div>\n\t\t\t\t\t<\/div>\n\t\t<\/div>\n\t\t\t\t\t<\/div>\n\t\t<\/section>\n\t\t\t\t<section class=\"has_eae_slider elementor-section elementor-top-section elementor-element elementor-element-7b705e3 elementor-hidden-desktop elementor-hidden-tablet elementor-hidden-mobile elementor-section-boxed elementor-section-height-default elementor-section-height-default\" data-eae-slider=\"23672\" data-id=\"7b705e3\" data-element_type=\"section\" data-e-type=\"section\" data-settings=\"{&quot;background_background&quot;:&quot;classic&quot;}\">\n\t\t\t\t\t\t\t<div class=\"elementor-background-overlay\"><\/div>\n\t\t\t\t\t\t\t<div class=\"elementor-container elementor-column-gap-default\">\n\t\t\t\t\t<div class=\"has_eae_slider elementor-column elementor-col-50 elementor-top-column elementor-element elementor-element-f0b0399\" data-eae-slider=\"1413\" data-id=\"f0b0399\" data-element_type=\"column\" data-e-type=\"column\" data-settings=\"{&quot;background_background&quot;:&quot;classic&quot;}\">\n\t\t\t<div class=\"elementor-widget-wrap elementor-element-populated\">\n\t\t\t\t\t\t<div class=\"elementor-element elementor-element-836a978 elementor-widget__width-initial elementor-widget-tablet__width-initial elementor-widget-mobile__width-initial elementor-widget elementor-widget-image\" data-id=\"836a978\" data-element_type=\"widget\" data-e-type=\"widget\" data-widget_type=\"image.default\">\n\t\t\t\t<div class=\"elementor-widget-container\">\n\t\t\t\t\t\t\t\t\t\t\t\t\t\t\t<img loading=\"lazy\" decoding=\"async\" width=\"1024\" height=\"1024\" src=\"https:\/\/www.sprachschule-accent.de\/wp-content\/uploads\/2024\/01\/IMG_0286-1024x1024.jpg\" class=\"attachment-large size-large wp-image-8931\" alt=\"Elisa Motta\" srcset=\"https:\/\/www.sprachschule-accent.de\/wp-content\/uploads\/2024\/01\/IMG_0286-1024x1024.jpg 1024w, https:\/\/www.sprachschule-accent.de\/wp-content\/uploads\/2024\/01\/IMG_0286-300x300.jpg 300w, https:\/\/www.sprachschule-accent.de\/wp-content\/uploads\/2024\/01\/IMG_0286-100x100.jpg 100w, https:\/\/www.sprachschule-accent.de\/wp-content\/uploads\/2024\/01\/IMG_0286-600x600.jpg 600w, https:\/\/www.sprachschule-accent.de\/wp-content\/uploads\/2024\/01\/IMG_0286-150x150.jpg 150w, https:\/\/www.sprachschule-accent.de\/wp-content\/uploads\/2024\/01\/IMG_0286-768x768.jpg 768w, https:\/\/www.sprachschule-accent.de\/wp-content\/uploads\/2024\/01\/IMG_0286-1536x1536.jpg 1536w, https:\/\/www.sprachschule-accent.de\/wp-content\/uploads\/2024\/01\/IMG_0286.jpg 1819w\" sizes=\"(max-width: 1024px) 100vw, 1024px\" \/>\t\t\t\t\t\t\t\t\t\t\t\t\t\t\t<\/div>\n\t\t\t\t<\/div>\n\t\t\t\t<div class=\"elementor-element elementor-element-d69b4e1 elementor-widget-tablet__width-initial elementor-widget__width-initial elementor-widget elementor-widget-text-editor\" data-id=\"d69b4e1\" data-element_type=\"widget\" data-e-type=\"widget\" data-widget_type=\"text-editor.default\">\n\t\t\t\t<div class=\"elementor-widget-container\">\n\t\t\t\t\t\t\t\t\t<p style=\"text-align: left;\"><strong>ELISA MOTTA<\/strong><\/p><ul><li style=\"text-align: left;\">Dozentin f\u00fcr DaF\/DaZ<\/li><li style=\"text-align: left;\">qualifizierte telc-Pr\u00fcferin f\u00fcr A1 &#8211; B2<\/li><\/ul>\t\t\t\t\t\t\t\t<\/div>\n\t\t\t\t<\/div>\n\t\t\t\t<div class=\"elementor-element elementor-element-93eed0e elementor-widget-divider--view-line elementor-widget elementor-widget-divider\" data-id=\"93eed0e\" data-element_type=\"widget\" data-e-type=\"widget\" data-settings=\"{&quot;motion_fx_motion_fx_scrolling&quot;:&quot;yes&quot;,&quot;motion_fx_scale_effect&quot;:&quot;yes&quot;,&quot;motion_fx_scale_direction&quot;:&quot;in-out&quot;,&quot;motion_fx_scale_speed&quot;:{&quot;unit&quot;:&quot;px&quot;,&quot;size&quot;:&quot;-10&quot;,&quot;sizes&quot;:[]},&quot;motion_fx_scale_range&quot;:{&quot;unit&quot;:&quot;%&quot;,&quot;size&quot;:&quot;&quot;,&quot;sizes&quot;:{&quot;start&quot;:&quot;0&quot;,&quot;end&quot;:&quot;50&quot;}},&quot;motion_fx_devices&quot;:[&quot;desktop&quot;,&quot;tablet&quot;,&quot;mobile&quot;]}\" data-widget_type=\"divider.default\">\n\t\t\t\t<div class=\"elementor-widget-container\">\n\t\t\t\t\t\t\t<div class=\"elementor-divider\">\n\t\t\t<span class=\"elementor-divider-separator\">\n\t\t\t\t\t\t<\/span>\n\t\t<\/div>\n\t\t\t\t\t\t<\/div>\n\t\t\t\t<\/div>\n\t\t\t\t<div class=\"elementor-element elementor-element-45dcd7c elementor-widget elementor-widget-text-editor\" data-id=\"45dcd7c\" data-element_type=\"widget\" data-e-type=\"widget\" data-widget_type=\"text-editor.default\">\n\t\t\t\t<div class=\"elementor-widget-container\">\n\t\t\t\t\t\t\t\t\t<p style=\"text-align: left;\">Elisa ist eine waschechte <strong>Leipzigerin<\/strong>. Ganz klischeehaft wollte sie schon als kleines M\u00e4dchen Lehrerin werden. W\u00e4hrend eines Auslandsaufenthalt in Italien entdeckte sie ihre Liebe zu <strong>Reisen und Sprachen<\/strong>. Daher kombinierte sie diese Interessen in ihrem Studium an der <strong>Uni Leipzig<\/strong> und studierte <strong>Deutsch als Fremdsprache <\/strong>und <strong>Italianistik<\/strong>.<\/p><p>Mittlerweile <strong>unterrichtet<\/strong> Elisa seit fast <strong>10 Jahren<\/strong>. Dabei legt sie gro\u00dfen Wert auf eine entspannte Lernatmosph\u00e4re, in der alle ihre Ideen und W\u00fcnsche einbringen d\u00fcrfen. Dies macht den Unterricht <strong>famili\u00e4r und interaktiv<\/strong>.\u00a0<\/p><p>In der Freizeit ist sie am liebsten <strong>unterwegs <\/strong>in der Natur und auf Spielpl\u00e4tzen, entdeckt neue Locations in der Stadt&#8230; Hauptsache umgeben von <strong>Familie, Hund und Freund*innen<\/strong>.<\/p>\t\t\t\t\t\t\t\t<\/div>\n\t\t\t\t<\/div>\n\t\t\t\t\t<\/div>\n\t\t<\/div>\n\t\t\t\t<div class=\"has_eae_slider elementor-column elementor-col-50 elementor-top-column elementor-element elementor-element-6d410d8\" data-eae-slider=\"43143\" data-id=\"6d410d8\" data-element_type=\"column\" data-e-type=\"column\" data-settings=\"{&quot;background_background&quot;:&quot;classic&quot;}\">\n\t\t\t<div class=\"elementor-widget-wrap elementor-element-populated\">\n\t\t\t\t\t\t<div class=\"elementor-element elementor-element-67a1222 elementor-widget__width-initial elementor-widget-tablet__width-initial elementor-widget-mobile__width-initial elementor-widget elementor-widget-image\" data-id=\"67a1222\" data-element_type=\"widget\" data-e-type=\"widget\" data-widget_type=\"image.default\">\n\t\t\t\t<div class=\"elementor-widget-container\">\n\t\t\t\t\t\t\t\t\t\t\t\t\t\t\t<img loading=\"lazy\" decoding=\"async\" width=\"1024\" height=\"1024\" src=\"https:\/\/www.sprachschule-accent.de\/wp-content\/uploads\/2024\/08\/IMG_3461-1024x1024.jpg\" class=\"attachment-large size-large wp-image-10801\" alt=\"Robin Ortlepp\" srcset=\"https:\/\/www.sprachschule-accent.de\/wp-content\/uploads\/2024\/08\/IMG_3461-1024x1024.jpg 1024w, https:\/\/www.sprachschule-accent.de\/wp-content\/uploads\/2024\/08\/IMG_3461-300x300.jpg 300w, https:\/\/www.sprachschule-accent.de\/wp-content\/uploads\/2024\/08\/IMG_3461-100x100.jpg 100w, https:\/\/www.sprachschule-accent.de\/wp-content\/uploads\/2024\/08\/IMG_3461-600x600.jpg 600w, https:\/\/www.sprachschule-accent.de\/wp-content\/uploads\/2024\/08\/IMG_3461-150x150.jpg 150w, https:\/\/www.sprachschule-accent.de\/wp-content\/uploads\/2024\/08\/IMG_3461-768x768.jpg 768w, https:\/\/www.sprachschule-accent.de\/wp-content\/uploads\/2024\/08\/IMG_3461-1536x1536.jpg 1536w, https:\/\/www.sprachschule-accent.de\/wp-content\/uploads\/2024\/08\/IMG_3461.jpg 1819w\" sizes=\"(max-width: 1024px) 100vw, 1024px\" \/>\t\t\t\t\t\t\t\t\t\t\t\t\t\t\t<\/div>\n\t\t\t\t<\/div>\n\t\t\t\t<div class=\"elementor-element elementor-element-ab6ff74 elementor-widget-tablet__width-initial elementor-widget__width-initial elementor-widget elementor-widget-text-editor\" data-id=\"ab6ff74\" data-element_type=\"widget\" data-e-type=\"widget\" data-widget_type=\"text-editor.default\">\n\t\t\t\t<div class=\"elementor-widget-container\">\n\t\t\t\t\t\t\t\t\t<p><strong>ROBIN ORTLEPP<\/strong><\/p><ul><li>Bachelor of Arts in Linguistik<\/li><li>Dozent f\u00fcr DaF\/DaZ<\/li><\/ul>\t\t\t\t\t\t\t\t<\/div>\n\t\t\t\t<\/div>\n\t\t\t\t<div class=\"elementor-element elementor-element-3c243e4 elementor-widget-divider--view-line elementor-widget elementor-widget-divider\" data-id=\"3c243e4\" data-element_type=\"widget\" data-e-type=\"widget\" data-settings=\"{&quot;motion_fx_motion_fx_scrolling&quot;:&quot;yes&quot;,&quot;motion_fx_scale_effect&quot;:&quot;yes&quot;,&quot;motion_fx_scale_direction&quot;:&quot;in-out&quot;,&quot;motion_fx_scale_speed&quot;:{&quot;unit&quot;:&quot;px&quot;,&quot;size&quot;:&quot;-10&quot;,&quot;sizes&quot;:[]},&quot;motion_fx_scale_range&quot;:{&quot;unit&quot;:&quot;%&quot;,&quot;size&quot;:&quot;&quot;,&quot;sizes&quot;:{&quot;start&quot;:&quot;0&quot;,&quot;end&quot;:&quot;50&quot;}},&quot;motion_fx_devices&quot;:[&quot;desktop&quot;,&quot;tablet&quot;,&quot;mobile&quot;]}\" data-widget_type=\"divider.default\">\n\t\t\t\t<div class=\"elementor-widget-container\">\n\t\t\t\t\t\t\t<div class=\"elementor-divider\">\n\t\t\t<span class=\"elementor-divider-separator\">\n\t\t\t\t\t\t<\/span>\n\t\t<\/div>\n\t\t\t\t\t\t<\/div>\n\t\t\t\t<\/div>\n\t\t\t\t<div class=\"elementor-element elementor-element-203f852 elementor-widget elementor-widget-text-editor\" data-id=\"203f852\" data-element_type=\"widget\" data-e-type=\"widget\" data-widget_type=\"text-editor.default\">\n\t\t\t\t<div class=\"elementor-widget-container\">\n\t\t\t\t\t\t\t\t\t<div>Robins\u00a0<strong>Leidenschaft f\u00fcr Sprachen<\/strong> kennt keine Grenzen \u2013 neben <strong>Deutsch<\/strong> und <strong>Englisch<\/strong> spricht er auch \u00a0<strong>Japanisch<\/strong> und hat durch sein Studium Kontakt mit vielen anderen Sprachen wie <strong>Franz\u00f6sisch, Russisch, Hausa und Baskisch<\/strong> gehabt.<\/div><div>\u00a0<\/div><div>Sprachen sind f\u00fcr Robin wie <strong>kleine R\u00e4tsel<\/strong>, die gel\u00f6st werden wollen. <strong>Sprichw\u00f6rter<\/strong>, <strong>Redewendungen<\/strong> und die vielen <strong>Dialekte<\/strong> und Sprachvariationen des Deutschen <strong>faszinieren<\/strong> ihn besonders \u2013 und diese Begeisterung teilt er gerne mit seinen Sch\u00fclern.<\/div><div>\u00a0<\/div><div>Au\u00dferhalb des Unterrichts trefft ihr ihn oft in der Welt der <strong>Gesellschafts-<\/strong>\u00a0oder <strong>Videospiele<\/strong>. Ob &#8222;Pen &amp; Paper&#8220; Spiele oder Skat, er ist bei allem dabei!<\/div>\t\t\t\t\t\t\t\t<\/div>\n\t\t\t\t<\/div>\n\t\t\t\t\t<\/div>\n\t\t<\/div>\n\t\t\t\t\t<\/div>\n\t\t<\/section>\n\t\t\t\t<section class=\"has_eae_slider elementor-section elementor-top-section elementor-element elementor-element-2e9fd3d elementor-hidden-desktop elementor-hidden-tablet elementor-hidden-mobile elementor-section-boxed elementor-section-height-default elementor-section-height-default\" data-eae-slider=\"80435\" data-id=\"2e9fd3d\" data-element_type=\"section\" data-e-type=\"section\" data-settings=\"{&quot;background_background&quot;:&quot;classic&quot;}\">\n\t\t\t\t\t\t\t<div class=\"elementor-background-overlay\"><\/div>\n\t\t\t\t\t\t\t<div class=\"elementor-container elementor-column-gap-default\">\n\t\t\t\t\t<div class=\"has_eae_slider elementor-column elementor-col-33 elementor-top-column elementor-element elementor-element-981f36b\" data-eae-slider=\"6766\" data-id=\"981f36b\" data-element_type=\"column\" data-e-type=\"column\" data-settings=\"{&quot;background_background&quot;:&quot;classic&quot;}\">\n\t\t\t<div class=\"elementor-widget-wrap elementor-element-populated\">\n\t\t\t\t\t\t<div class=\"elementor-element elementor-element-b062f92 elementor-widget__width-initial elementor-widget-tablet__width-initial elementor-widget-mobile__width-initial elementor-widget elementor-widget-image\" data-id=\"b062f92\" data-element_type=\"widget\" data-e-type=\"widget\" data-widget_type=\"image.default\">\n\t\t\t\t<div class=\"elementor-widget-container\">\n\t\t\t\t\t\t\t\t\t\t\t\t\t\t\t<img loading=\"lazy\" decoding=\"async\" width=\"1024\" height=\"1024\" src=\"https:\/\/www.sprachschule-accent.de\/wp-content\/uploads\/2024\/02\/Juan-1024x1024.jpg\" class=\"attachment-large size-large wp-image-9376\" alt=\"Juan Ezequiel Veliz\" srcset=\"https:\/\/www.sprachschule-accent.de\/wp-content\/uploads\/2024\/02\/Juan-1024x1024.jpg 1024w, https:\/\/www.sprachschule-accent.de\/wp-content\/uploads\/2024\/02\/Juan-300x300.jpg 300w, https:\/\/www.sprachschule-accent.de\/wp-content\/uploads\/2024\/02\/Juan-100x100.jpg 100w, https:\/\/www.sprachschule-accent.de\/wp-content\/uploads\/2024\/02\/Juan-600x600.jpg 600w, https:\/\/www.sprachschule-accent.de\/wp-content\/uploads\/2024\/02\/Juan-150x150.jpg 150w, https:\/\/www.sprachschule-accent.de\/wp-content\/uploads\/2024\/02\/Juan-768x768.jpg 768w, https:\/\/www.sprachschule-accent.de\/wp-content\/uploads\/2024\/02\/Juan-1536x1536.jpg 1536w, https:\/\/www.sprachschule-accent.de\/wp-content\/uploads\/2024\/02\/Juan.jpg 1818w\" sizes=\"(max-width: 1024px) 100vw, 1024px\" \/>\t\t\t\t\t\t\t\t\t\t\t\t\t\t\t<\/div>\n\t\t\t\t<\/div>\n\t\t\t\t<div class=\"elementor-element elementor-element-6074bad elementor-widget-tablet__width-initial elementor-widget__width-initial elementor-widget elementor-widget-text-editor\" data-id=\"6074bad\" data-element_type=\"widget\" data-e-type=\"widget\" data-widget_type=\"text-editor.default\">\n\t\t\t\t<div class=\"elementor-widget-container\">\n\t\t\t\t\t\t\t\t\t<p style=\"text-align: left;\"><strong>JUAN EZEQUIEL VELIZ<br \/><\/strong>Bachelor of Arts,<br \/>Dozent f\u00fcr Spanisch und Englisch<\/p>\t\t\t\t\t\t\t\t<\/div>\n\t\t\t\t<\/div>\n\t\t\t\t<div class=\"elementor-element elementor-element-2321cfc elementor-widget-divider--view-line elementor-widget elementor-widget-divider\" data-id=\"2321cfc\" data-element_type=\"widget\" data-e-type=\"widget\" data-settings=\"{&quot;motion_fx_motion_fx_scrolling&quot;:&quot;yes&quot;,&quot;motion_fx_scale_effect&quot;:&quot;yes&quot;,&quot;motion_fx_scale_direction&quot;:&quot;in-out&quot;,&quot;motion_fx_scale_speed&quot;:{&quot;unit&quot;:&quot;px&quot;,&quot;size&quot;:&quot;-10&quot;,&quot;sizes&quot;:[]},&quot;motion_fx_scale_range&quot;:{&quot;unit&quot;:&quot;%&quot;,&quot;size&quot;:&quot;&quot;,&quot;sizes&quot;:{&quot;start&quot;:&quot;0&quot;,&quot;end&quot;:&quot;50&quot;}},&quot;motion_fx_devices&quot;:[&quot;desktop&quot;,&quot;tablet&quot;,&quot;mobile&quot;]}\" data-widget_type=\"divider.default\">\n\t\t\t\t<div class=\"elementor-widget-container\">\n\t\t\t\t\t\t\t<div class=\"elementor-divider\">\n\t\t\t<span class=\"elementor-divider-separator\">\n\t\t\t\t\t\t<\/span>\n\t\t<\/div>\n\t\t\t\t\t\t<\/div>\n\t\t\t\t<\/div>\n\t\t\t\t<div class=\"elementor-element elementor-element-893edea elementor-widget elementor-widget-text-editor\" data-id=\"893edea\" data-element_type=\"widget\" data-e-type=\"widget\" data-widget_type=\"text-editor.default\">\n\t\t\t\t<div class=\"elementor-widget-container\">\n\t\t\t\t\t\t\t\t\t<p style=\"text-align: left;\">En el <strong>norte de Argentina<\/strong> Juan vivi\u00f3 treinta a\u00f1os, donde se gradu\u00f3 de profesor de idioma y trabaj\u00f3 en diferentes instituciones. Lleva ya <strong>15 a\u00f1os en la profesi\u00f3n<\/strong>.<br \/>Hace cinco a\u00f1os vive en Leipzig y comparte en sus clases de espa\u00f1ol <strong>su lengua y su cultura<\/strong>, lo cual ha encontrado incre\u00edblemente gratificante.<br \/>Su estilo de ense\u00f1anza est\u00e1 impregnado de su <strong>personalidad<\/strong> e intenta que en las clases siempre haya <strong>humor<\/strong> y <strong>variedad de actividades<\/strong>, especialmente <strong>juegos<\/strong>, <strong>canciones<\/strong> y espacios para compartir <strong>historias<\/strong>.<br \/>Conoce la ciudad bastante bien, habiendo trabajado de <strong>gu\u00eda tur\u00edstico<\/strong>. Tambi\u00e9n disfruta todo lo relacionado con <strong>comida<\/strong>, <strong>gatitos<\/strong> y <strong>cine<\/strong>.<\/p>\t\t\t\t\t\t\t\t<\/div>\n\t\t\t\t<\/div>\n\t\t\t\t\t<\/div>\n\t\t<\/div>\n\t\t\t\t<div class=\"has_eae_slider elementor-column elementor-col-33 elementor-top-column elementor-element elementor-element-372b2d1\" data-eae-slider=\"8394\" data-id=\"372b2d1\" data-element_type=\"column\" data-e-type=\"column\" data-settings=\"{&quot;background_background&quot;:&quot;classic&quot;}\">\n\t\t\t<div class=\"elementor-widget-wrap elementor-element-populated\">\n\t\t\t\t\t\t<div class=\"elementor-element elementor-element-fa477f9 elementor-widget__width-initial elementor-widget-tablet__width-initial elementor-widget-mobile__width-initial elementor-widget elementor-widget-image\" data-id=\"fa477f9\" data-element_type=\"widget\" data-e-type=\"widget\" data-widget_type=\"image.default\">\n\t\t\t\t<div class=\"elementor-widget-container\">\n\t\t\t\t\t\t\t\t\t\t\t\t\t\t\t<img loading=\"lazy\" decoding=\"async\" width=\"1024\" height=\"1024\" src=\"https:\/\/www.sprachschule-accent.de\/wp-content\/uploads\/2024\/01\/Zachary-Houser-1024x1024.jpg\" class=\"attachment-large size-large wp-image-8881\" alt=\"Zachary Houser\" srcset=\"https:\/\/www.sprachschule-accent.de\/wp-content\/uploads\/2024\/01\/Zachary-Houser-1024x1024.jpg 1024w, https:\/\/www.sprachschule-accent.de\/wp-content\/uploads\/2024\/01\/Zachary-Houser-300x300.jpg 300w, https:\/\/www.sprachschule-accent.de\/wp-content\/uploads\/2024\/01\/Zachary-Houser-100x100.jpg 100w, https:\/\/www.sprachschule-accent.de\/wp-content\/uploads\/2024\/01\/Zachary-Houser-600x600.jpg 600w, https:\/\/www.sprachschule-accent.de\/wp-content\/uploads\/2024\/01\/Zachary-Houser-150x150.jpg 150w, https:\/\/www.sprachschule-accent.de\/wp-content\/uploads\/2024\/01\/Zachary-Houser-768x768.jpg 768w, https:\/\/www.sprachschule-accent.de\/wp-content\/uploads\/2024\/01\/Zachary-Houser.jpg 1287w\" sizes=\"(max-width: 1024px) 100vw, 1024px\" \/>\t\t\t\t\t\t\t\t\t\t\t\t\t\t\t<\/div>\n\t\t\t\t<\/div>\n\t\t\t\t<div class=\"elementor-element elementor-element-38d6c2a elementor-widget-tablet__width-initial elementor-widget__width-initial elementor-widget elementor-widget-text-editor\" data-id=\"38d6c2a\" data-element_type=\"widget\" data-e-type=\"widget\" data-widget_type=\"text-editor.default\">\n\t\t\t\t<div class=\"elementor-widget-container\">\n\t\t\t\t\t\t\t\t\t<p style=\"text-align: left;\"><strong>ZACHARY HOUSER<\/strong><br \/>TEFL zertifiziert,\u00a0<br \/>Dozent f\u00fcr Englisch<\/p>\t\t\t\t\t\t\t\t<\/div>\n\t\t\t\t<\/div>\n\t\t\t\t<div class=\"elementor-element elementor-element-79048be elementor-widget-divider--view-line elementor-widget elementor-widget-divider\" data-id=\"79048be\" data-element_type=\"widget\" data-e-type=\"widget\" data-settings=\"{&quot;motion_fx_motion_fx_scrolling&quot;:&quot;yes&quot;,&quot;motion_fx_scale_effect&quot;:&quot;yes&quot;,&quot;motion_fx_scale_direction&quot;:&quot;in-out&quot;,&quot;motion_fx_scale_speed&quot;:{&quot;unit&quot;:&quot;px&quot;,&quot;size&quot;:&quot;-10&quot;,&quot;sizes&quot;:[]},&quot;motion_fx_scale_range&quot;:{&quot;unit&quot;:&quot;%&quot;,&quot;size&quot;:&quot;&quot;,&quot;sizes&quot;:{&quot;start&quot;:&quot;0&quot;,&quot;end&quot;:&quot;50&quot;}},&quot;motion_fx_devices&quot;:[&quot;desktop&quot;,&quot;tablet&quot;,&quot;mobile&quot;]}\" data-widget_type=\"divider.default\">\n\t\t\t\t<div class=\"elementor-widget-container\">\n\t\t\t\t\t\t\t<div class=\"elementor-divider\">\n\t\t\t<span class=\"elementor-divider-separator\">\n\t\t\t\t\t\t<\/span>\n\t\t<\/div>\n\t\t\t\t\t\t<\/div>\n\t\t\t\t<\/div>\n\t\t\t\t<div class=\"elementor-element elementor-element-e86b5f8 elementor-widget elementor-widget-text-editor\" data-id=\"e86b5f8\" data-element_type=\"widget\" data-e-type=\"widget\" data-widget_type=\"text-editor.default\">\n\t\t\t\t<div class=\"elementor-widget-container\">\n\t\t\t\t\t\t\t\t\t<p style=\"text-align: left;\">From the student of language school acc\u00e9nt to <strong>quality English lessons<\/strong>, Zach has made a worthwhile career pivot to excite and charm his students. A <strong>passion for people<\/strong> and his <strong>patient<\/strong>, personal approach are the soft skills he brings to <strong>fun and fulfilling language learning.<\/strong><\/p><p>You can usually find Zach either <strong>biking around the city, playing his Bass guitar<\/strong> or lost in the <strong>online world of gaming.<\/strong> He also has a knack for <strong>saying and expressions<\/strong> in both English and German, and would gladly give you his mustard!<\/p>\t\t\t\t\t\t\t\t<\/div>\n\t\t\t\t<\/div>\n\t\t\t\t\t<\/div>\n\t\t<\/div>\n\t\t\t\t<div class=\"has_eae_slider elementor-column elementor-col-33 elementor-top-column elementor-element elementor-element-eb18bd0\" data-eae-slider=\"51461\" data-id=\"eb18bd0\" data-element_type=\"column\" data-e-type=\"column\" data-settings=\"{&quot;background_background&quot;:&quot;classic&quot;}\">\n\t\t\t<div class=\"elementor-widget-wrap elementor-element-populated\">\n\t\t\t\t\t\t<div class=\"elementor-element elementor-element-a25a592 elementor-widget__width-initial elementor-widget-tablet__width-initial elementor-widget-mobile__width-initial elementor-widget elementor-widget-image\" data-id=\"a25a592\" data-element_type=\"widget\" data-e-type=\"widget\" data-widget_type=\"image.default\">\n\t\t\t\t<div class=\"elementor-widget-container\">\n\t\t\t\t\t\t\t\t\t\t\t\t\t\t\t<img loading=\"lazy\" decoding=\"async\" width=\"848\" height=\"874\" src=\"https:\/\/www.sprachschule-accent.de\/wp-content\/uploads\/2022\/06\/Emilia-1.jpg\" class=\"attachment-large size-large wp-image-6388\" alt=\"Emilia B\u00f6rger\" srcset=\"https:\/\/www.sprachschule-accent.de\/wp-content\/uploads\/2022\/06\/Emilia-1.jpg 848w, https:\/\/www.sprachschule-accent.de\/wp-content\/uploads\/2022\/06\/Emilia-1-600x618.jpg 600w, https:\/\/www.sprachschule-accent.de\/wp-content\/uploads\/2022\/06\/Emilia-1-291x300.jpg 291w, https:\/\/www.sprachschule-accent.de\/wp-content\/uploads\/2022\/06\/Emilia-1-768x792.jpg 768w\" sizes=\"(max-width: 848px) 100vw, 848px\" \/>\t\t\t\t\t\t\t\t\t\t\t\t\t\t\t<\/div>\n\t\t\t\t<\/div>\n\t\t\t\t<div class=\"elementor-element elementor-element-5b46851 elementor-widget-tablet__width-initial elementor-widget__width-initial elementor-widget elementor-widget-text-editor\" data-id=\"5b46851\" data-element_type=\"widget\" data-e-type=\"widget\" data-widget_type=\"text-editor.default\">\n\t\t\t\t<div class=\"elementor-widget-container\">\n\t\t\t\t\t\t\t\t\t<p style=\"text-align: left;\"><strong>EMILIA B\u00d6RGER<\/strong><br \/>Sprechwissenschaftlerin, M.A.<br \/>Akzent-Coach<\/p>\t\t\t\t\t\t\t\t<\/div>\n\t\t\t\t<\/div>\n\t\t\t\t<div class=\"elementor-element elementor-element-de97a57 elementor-widget-divider--view-line elementor-widget elementor-widget-divider\" data-id=\"de97a57\" data-element_type=\"widget\" data-e-type=\"widget\" data-settings=\"{&quot;motion_fx_motion_fx_scrolling&quot;:&quot;yes&quot;,&quot;motion_fx_scale_effect&quot;:&quot;yes&quot;,&quot;motion_fx_scale_direction&quot;:&quot;in-out&quot;,&quot;motion_fx_scale_speed&quot;:{&quot;unit&quot;:&quot;px&quot;,&quot;size&quot;:&quot;-10&quot;,&quot;sizes&quot;:[]},&quot;motion_fx_scale_range&quot;:{&quot;unit&quot;:&quot;%&quot;,&quot;size&quot;:&quot;&quot;,&quot;sizes&quot;:{&quot;start&quot;:&quot;0&quot;,&quot;end&quot;:&quot;50&quot;}},&quot;motion_fx_devices&quot;:[&quot;desktop&quot;,&quot;tablet&quot;,&quot;mobile&quot;]}\" data-widget_type=\"divider.default\">\n\t\t\t\t<div class=\"elementor-widget-container\">\n\t\t\t\t\t\t\t<div class=\"elementor-divider\">\n\t\t\t<span class=\"elementor-divider-separator\">\n\t\t\t\t\t\t<\/span>\n\t\t<\/div>\n\t\t\t\t\t\t<\/div>\n\t\t\t\t<\/div>\n\t\t\t\t<div class=\"elementor-element elementor-element-f20cdf0 elementor-widget elementor-widget-text-editor\" data-id=\"f20cdf0\" data-element_type=\"widget\" data-e-type=\"widget\" data-widget_type=\"text-editor.default\">\n\t\t\t\t<div class=\"elementor-widget-container\">\n\t\t\t\t\t\t\t\t\t<p style=\"text-align: left;\">Wenn es ums Sprechen geht, ist Emilia die richtige Ansprechperson. <strong>Stimme<\/strong>, <strong>Artikulation<\/strong>, <strong>Aussprache<\/strong> und <strong>Rhetorik<\/strong> sind ihre Fachgebiete.<\/p><p style=\"text-align: left;\">Als studierte Sprechwissenschaftlerin kennt sie <strong>alle Tipps und Tricks<\/strong> um erfolgreich zu kommunizieren, ob in der Erstsprache oder der Fremdsprache. Sie ist die Expertin f\u00fcr <strong>Phonetik in DaF<\/strong> und DaZ im Team.<\/p><p style=\"text-align: left;\">Emilia liebt das <strong>Tanzen<\/strong> und <strong>Singen<\/strong> und l\u00e4sst ihre Bewegungsfreude und Musikalit\u00e4t auch in ihre <strong>Aussprachetrainings<\/strong> einflie\u00dfen.<\/p>\t\t\t\t\t\t\t\t<\/div>\n\t\t\t\t<\/div>\n\t\t\t\t\t<\/div>\n\t\t<\/div>\n\t\t\t\t\t<\/div>\n\t\t<\/section>\n\t\t\t\t<\/div>\n\t\t","protected":false},"excerpt":{"rendered":"<p>Wir bringen Menschen zusammen Sprachschule acc\u00e9nt steht f\u00fcr qualitativ hochwertigen Sprachunterricht, pers\u00f6nliche Betreuung und eine internationale Gemeinschaft. Seit 2021 sind wir in Leipzig zu Hause. Offene Stellen \u2192 Unser Team \u2192 Sprachschule acc\u00e9nt in Zahlen 73+ L\u00e4nder unter einem Dach 1500+ zufriedene Teilnehmende 120+ Kurse im Jahr 100% Leidenschaft Unser Team Ein starkes Team aus [&hellip;]<\/p>\n","protected":false},"author":1,"featured_media":0,"parent":0,"menu_order":0,"comment_status":"closed","ping_status":"closed","template":"","meta":{"ocean_front_end_style_editor":"no","ocean_post_layout":"full-screen","ocean_both_sidebars_style":"","ocean_both_sidebars_content_width":0,"ocean_both_sidebars_sidebars_width":0,"ocean_sidebar":"0","ocean_second_sidebar":"0","ocean_disable_margins":"enable","ocean_add_body_class":"","ocean_shortcode_before_top_bar":"","ocean_shortcode_after_top_bar":"","ocean_shortcode_before_header":"","ocean_shortcode_after_header":"","ocean_has_shortcode":"","ocean_shortcode_after_title":"","ocean_shortcode_before_footer_widgets":"","ocean_shortcode_after_footer_widgets":"","ocean_shortcode_before_footer_bottom":"","ocean_shortcode_after_footer_bottom":"","ocean_display_top_bar":"default","ocean_display_header":"default","ocean_header_style":"","ocean_center_header_left_menu":"0","ocean_custom_header_template":"0","ocean_custom_logo":0,"ocean_custom_retina_logo":0,"ocean_custom_logo_max_width":0,"ocean_custom_logo_tablet_max_width":0,"ocean_custom_logo_mobile_max_width":0,"ocean_custom_logo_max_height":0,"ocean_custom_logo_tablet_max_height":0,"ocean_custom_logo_mobile_max_height":0,"ocean_header_custom_menu":"0","ocean_menu_typo_font_family":"0","ocean_menu_typo_font_subset":"","ocean_menu_typo_font_size":0,"ocean_menu_typo_font_size_tablet":0,"ocean_menu_typo_font_size_mobile":0,"ocean_menu_typo_font_size_unit":"px","ocean_menu_typo_font_weight":"","ocean_menu_typo_font_weight_tablet":"","ocean_menu_typo_font_weight_mobile":"","ocean_menu_typo_transform":"","ocean_menu_typo_transform_tablet":"","ocean_menu_typo_transform_mobile":"","ocean_menu_typo_line_height":0,"ocean_menu_typo_line_height_tablet":0,"ocean_menu_typo_line_height_mobile":0,"ocean_menu_typo_line_height_unit":"","ocean_menu_typo_spacing":0,"ocean_menu_typo_spacing_tablet":0,"ocean_menu_typo_spacing_mobile":0,"ocean_menu_typo_spacing_unit":"","ocean_menu_link_color":"","ocean_menu_link_color_hover":"","ocean_menu_link_color_active":"","ocean_menu_link_background":"","ocean_menu_link_hover_background":"","ocean_menu_link_active_background":"","ocean_menu_social_links_bg":"","ocean_menu_social_hover_links_bg":"","ocean_menu_social_links_color":"","ocean_menu_social_hover_links_color":"","ocean_disable_title":"on","ocean_disable_heading":"default","ocean_post_title":"","ocean_post_subheading":"","ocean_post_title_style":"","ocean_post_title_background_color":"","ocean_post_title_background":0,"ocean_post_title_bg_image_position":"","ocean_post_title_bg_image_attachment":"","ocean_post_title_bg_image_repeat":"","ocean_post_title_bg_image_size":"","ocean_post_title_height":0,"ocean_post_title_bg_overlay":0.5,"ocean_post_title_bg_overlay_color":"","ocean_disable_breadcrumbs":"default","ocean_breadcrumbs_color":"","ocean_breadcrumbs_separator_color":"","ocean_breadcrumbs_links_color":"","ocean_breadcrumbs_links_hover_color":"","ocean_display_footer_widgets":"default","ocean_display_footer_bottom":"default","ocean_custom_footer_template":"0","footnotes":""},"class_list":["post-5811","page","type-page","status-publish","hentry","entry"],"yoast_head":"<!-- This site is optimized with the Yoast SEO plugin v28.3 - https:\/\/yoast.com\/product\/yoast-seo-wordpress\/ -->\n<title>Sprachschule acc\u00e9nt - \u00dcber uns - Leipzig<\/title>\n<meta name=\"description\" content=\"Deutsch Intensivkurs in Leipzig - A1, A2, B1, B2, C1. In Gruppen Deutsch lernen - online-Teaching oder direkt bei uns in der Sprachschule.\" \/>\n<meta name=\"robots\" content=\"index, follow, max-snippet:-1, max-image-preview:large, max-video-preview:-1\" \/>\n<link rel=\"canonical\" href=\"https:\/\/www.sprachschule-accent.de\/en\/about-us\/\" \/>\n<meta property=\"og:locale\" content=\"en_GB\" \/>\n<meta property=\"og:type\" content=\"article\" \/>\n<meta property=\"og:title\" content=\"Sprachschule acc\u00e9nt - \u00dcber uns - Leipzig\" \/>\n<meta property=\"og:description\" content=\"Deutsch Intensivkurs in Leipzig - A1, A2, B1, B2, C1. In Gruppen Deutsch lernen - online-Teaching oder direkt bei uns in der Sprachschule.\" \/>\n<meta property=\"og:url\" content=\"https:\/\/www.sprachschule-accent.de\/en\/about-us\/\" \/>\n<meta property=\"og:site_name\" content=\"Sprachschule acc\u00e9nt\" \/>\n<meta property=\"article:publisher\" content=\"https:\/\/www.facebook.com\/sprachschule.accent\" \/>\n<meta property=\"article:modified_time\" content=\"2026-08-17T20:13:28+00:00\" \/>\n<meta property=\"og:image\" content=\"https:\/\/www.sprachschule-accent.de\/wp-content\/uploads\/2022\/01\/B51A8476-2.jpg\" \/>\n\t<meta property=\"og:image:width\" content=\"1679\" \/>\n\t<meta property=\"og:image:height\" content=\"1679\" \/>\n\t<meta property=\"og:image:type\" content=\"image\/jpeg\" \/>\n<meta name=\"twitter:card\" content=\"summary_large_image\" \/>\n<meta name=\"twitter:label1\" content=\"Estimated reading time\" \/>\n\t<meta name=\"twitter:data1\" content=\"9 minutes\" \/>\n<script type=\"application\/ld+json\" class=\"yoast-schema-graph\">{\"@context\":\"https:\\\/\\\/schema.org\",\"@graph\":[{\"@type\":\"WebPage\",\"@id\":\"https:\\\/\\\/www.sprachschule-accent.de\\\/about-us\\\/\",\"url\":\"https:\\\/\\\/www.sprachschule-accent.de\\\/about-us\\\/\",\"name\":\"Sprachschule acc\u00e9nt - \u00dcber uns - Leipzig\",\"isPartOf\":{\"@id\":\"https:\\\/\\\/www.sprachschule-accent.de\\\/#website\"},\"primaryImageOfPage\":{\"@id\":\"https:\\\/\\\/www.sprachschule-accent.de\\\/about-us\\\/#primaryimage\"},\"image\":{\"@id\":\"https:\\\/\\\/www.sprachschule-accent.de\\\/about-us\\\/#primaryimage\"},\"thumbnailUrl\":\"https:\\\/\\\/www.sprachschule-accent.de\\\/wp-content\\\/uploads\\\/2022\\\/01\\\/B51A8476-2-768x768.jpg\",\"datePublished\":\"2022-01-13T11:39:49+00:00\",\"dateModified\":\"2026-08-17T20:13:28+00:00\",\"description\":\"Deutsch Intensivkurs in Leipzig - A1, A2, B1, B2, C1. In Gruppen Deutsch lernen - online-Teaching oder direkt bei uns in der Sprachschule.\",\"breadcrumb\":{\"@id\":\"https:\\\/\\\/www.sprachschule-accent.de\\\/about-us\\\/#breadcrumb\"},\"inLanguage\":\"en-GB\",\"potentialAction\":[{\"@type\":\"ReadAction\",\"target\":[\"https:\\\/\\\/www.sprachschule-accent.de\\\/about-us\\\/\"]}]},{\"@type\":\"ImageObject\",\"inLanguage\":\"en-GB\",\"@id\":\"https:\\\/\\\/www.sprachschule-accent.de\\\/about-us\\\/#primaryimage\",\"url\":\"https:\\\/\\\/www.sprachschule-accent.de\\\/wp-content\\\/uploads\\\/2022\\\/01\\\/B51A8476-2-768x768.jpg\",\"contentUrl\":\"https:\\\/\\\/www.sprachschule-accent.de\\\/wp-content\\\/uploads\\\/2022\\\/01\\\/B51A8476-2-768x768.jpg\"},{\"@type\":\"BreadcrumbList\",\"@id\":\"https:\\\/\\\/www.sprachschule-accent.de\\\/about-us\\\/#breadcrumb\",\"itemListElement\":[{\"@type\":\"ListItem\",\"position\":1,\"name\":\"Startseite\",\"item\":\"https:\\\/\\\/www.sprachschule-accent.de\\\/\"},{\"@type\":\"ListItem\",\"position\":2,\"name\":\"\u00dcber uns\"}]},{\"@type\":\"WebSite\",\"@id\":\"https:\\\/\\\/www.sprachschule-accent.de\\\/#website\",\"url\":\"https:\\\/\\\/www.sprachschule-accent.de\\\/\",\"name\":\"Sprachschule acc\u00e9nt\",\"description\":\"\",\"publisher\":{\"@id\":\"https:\\\/\\\/www.sprachschule-accent.de\\\/#organization\"},\"potentialAction\":[{\"@type\":\"SearchAction\",\"target\":{\"@type\":\"EntryPoint\",\"urlTemplate\":\"https:\\\/\\\/www.sprachschule-accent.de\\\/?s={search_term_string}\"},\"query-input\":{\"@type\":\"PropertyValueSpecification\",\"valueRequired\":true,\"valueName\":\"search_term_string\"}}],\"inLanguage\":\"en-GB\"},{\"@type\":\"Organization\",\"@id\":\"https:\\\/\\\/www.sprachschule-accent.de\\\/#organization\",\"name\":\"Sprachschule acc\u00e9nt\",\"url\":\"https:\\\/\\\/www.sprachschule-accent.de\\\/\",\"logo\":{\"@type\":\"ImageObject\",\"inLanguage\":\"en-GB\",\"@id\":\"https:\\\/\\\/www.sprachschule-accent.de\\\/#\\\/schema\\\/logo\\\/image\\\/\",\"url\":\"https:\\\/\\\/www.sprachschule-accent.de\\\/wp-content\\\/uploads\\\/2020\\\/11\\\/cropped-accent-Symbol.png\",\"contentUrl\":\"https:\\\/\\\/www.sprachschule-accent.de\\\/wp-content\\\/uploads\\\/2020\\\/11\\\/cropped-accent-Symbol.png\",\"width\":512,\"height\":512,\"caption\":\"Sprachschule acc\u00e9nt\"},\"image\":{\"@id\":\"https:\\\/\\\/www.sprachschule-accent.de\\\/#\\\/schema\\\/logo\\\/image\\\/\"},\"sameAs\":[\"https:\\\/\\\/www.facebook.com\\\/sprachschule.accent\",\"https:\\\/\\\/www.instagram.com\\\/sprachschule.accent\\\/\"]}]}<\/script>\n<!-- \/ Yoast SEO plugin. -->","yoast_head_json":{"title":"Sprachschule acc\u00e9nt - \u00dcber uns - Leipzig","description":"Deutsch Intensivkurs in Leipzig - A1, A2, B1, B2, C1. In Gruppen Deutsch lernen - online-Teaching oder direkt bei uns in der Sprachschule.","robots":{"index":"index","follow":"follow","max-snippet":"max-snippet:-1","max-image-preview":"max-image-preview:large","max-video-preview":"max-video-preview:-1"},"canonical":"https:\/\/www.sprachschule-accent.de\/en\/about-us\/","og_locale":"en_GB","og_type":"article","og_title":"Sprachschule acc\u00e9nt - \u00dcber uns - Leipzig","og_description":"Deutsch Intensivkurs in Leipzig - A1, A2, B1, B2, C1. In Gruppen Deutsch lernen - online-Teaching oder direkt bei uns in der Sprachschule.","og_url":"https:\/\/www.sprachschule-accent.de\/en\/about-us\/","og_site_name":"Sprachschule acc\u00e9nt","article_publisher":"https:\/\/www.facebook.com\/sprachschule.accent","article_modified_time":"2026-08-17T20:13:28+00:00","og_image":[{"width":1679,"height":1679,"url":"https:\/\/www.sprachschule-accent.de\/wp-content\/uploads\/2022\/01\/B51A8476-2.jpg","type":"image\/jpeg"}],"twitter_card":"summary_large_image","twitter_misc":{"Estimated reading time":"9 minutes"},"schema":{"@context":"https:\/\/schema.org","@graph":[{"@type":"WebPage","@id":"https:\/\/www.sprachschule-accent.de\/about-us\/","url":"https:\/\/www.sprachschule-accent.de\/about-us\/","name":"Sprachschule acc\u00e9nt - \u00dcber uns - Leipzig","isPartOf":{"@id":"https:\/\/www.sprachschule-accent.de\/#website"},"primaryImageOfPage":{"@id":"https:\/\/www.sprachschule-accent.de\/about-us\/#primaryimage"},"image":{"@id":"https:\/\/www.sprachschule-accent.de\/about-us\/#primaryimage"},"thumbnailUrl":"https:\/\/www.sprachschule-accent.de\/wp-content\/uploads\/2022\/01\/B51A8476-2-768x768.jpg","datePublished":"2022-01-13T11:39:49+00:00","dateModified":"2026-08-17T20:13:28+00:00","description":"Deutsch Intensivkurs in Leipzig - A1, A2, B1, B2, C1. In Gruppen Deutsch lernen - online-Teaching oder direkt bei uns in der Sprachschule.","breadcrumb":{"@id":"https:\/\/www.sprachschule-accent.de\/about-us\/#breadcrumb"},"inLanguage":"en-GB","potentialAction":[{"@type":"ReadAction","target":["https:\/\/www.sprachschule-accent.de\/about-us\/"]}]},{"@type":"ImageObject","inLanguage":"en-GB","@id":"https:\/\/www.sprachschule-accent.de\/about-us\/#primaryimage","url":"https:\/\/www.sprachschule-accent.de\/wp-content\/uploads\/2022\/01\/B51A8476-2-768x768.jpg","contentUrl":"https:\/\/www.sprachschule-accent.de\/wp-content\/uploads\/2022\/01\/B51A8476-2-768x768.jpg"},{"@type":"BreadcrumbList","@id":"https:\/\/www.sprachschule-accent.de\/about-us\/#breadcrumb","itemListElement":[{"@type":"ListItem","position":1,"name":"Startseite","item":"https:\/\/www.sprachschule-accent.de\/"},{"@type":"ListItem","position":2,"name":"\u00dcber uns"}]},{"@type":"WebSite","@id":"https:\/\/www.sprachschule-accent.de\/#website","url":"https:\/\/www.sprachschule-accent.de\/","name":"Acc\u00e9nt language school","description":"","publisher":{"@id":"https:\/\/www.sprachschule-accent.de\/#organization"},"potentialAction":[{"@type":"SearchAction","target":{"@type":"EntryPoint","urlTemplate":"https:\/\/www.sprachschule-accent.de\/?s={search_term_string}"},"query-input":{"@type":"PropertyValueSpecification","valueRequired":true,"valueName":"search_term_string"}}],"inLanguage":"en-GB"},{"@type":"Organization","@id":"https:\/\/www.sprachschule-accent.de\/#organization","name":"Acc\u00e9nt language school","url":"https:\/\/www.sprachschule-accent.de\/","logo":{"@type":"ImageObject","inLanguage":"en-GB","@id":"https:\/\/www.sprachschule-accent.de\/#\/schema\/logo\/image\/","url":"https:\/\/www.sprachschule-accent.de\/wp-content\/uploads\/2020\/11\/cropped-accent-Symbol.png","contentUrl":"https:\/\/www.sprachschule-accent.de\/wp-content\/uploads\/2020\/11\/cropped-accent-Symbol.png","width":512,"height":512,"caption":"Sprachschule acc\u00e9nt"},"image":{"@id":"https:\/\/www.sprachschule-accent.de\/#\/schema\/logo\/image\/"},"sameAs":["https:\/\/www.facebook.com\/sprachschule.accent","https:\/\/www.instagram.com\/sprachschule.accent\/"]}]}},"jetpack_sharing_enabled":true,"_links":{"self":[{"href":"https:\/\/www.sprachschule-accent.de\/en\/wp-json\/wp\/v2\/pages\/5811","targetHints":{"allow":["GET"]}}],"collection":[{"href":"https:\/\/www.sprachschule-accent.de\/en\/wp-json\/wp\/v2\/pages"}],"about":[{"href":"https:\/\/www.sprachschule-accent.de\/en\/wp-json\/wp\/v2\/types\/page"}],"author":[{"embeddable":true,"href":"https:\/\/www.sprachschule-accent.de\/en\/wp-json\/wp\/v2\/users\/1"}],"replies":[{"embeddable":true,"href":"https:\/\/www.sprachschule-accent.de\/en\/wp-json\/wp\/v2\/comments?post=5811"}],"version-history":[{"count":427,"href":"https:\/\/www.sprachschule-accent.de\/en\/wp-json\/wp\/v2\/pages\/5811\/revisions"}],"predecessor-version":[{"id":20073,"href":"https:\/\/www.sprachschule-accent.de\/en\/wp-json\/wp\/v2\/pages\/5811\/revisions\/20073"}],"wp:attachment":[{"href":"https:\/\/www.sprachschule-accent.de\/en\/wp-json\/wp\/v2\/media?parent=5811"}],"curies":[{"name":"wp","href":"https:\/\/api.w.org\/{rel}","templated":true}]}}